{"id":4025,"date":"2022-07-08T10:49:12","date_gmt":"2022-07-08T10:49:12","guid":{"rendered":"https:\/\/www.adehon.org\/es\/?page_id=4025"},"modified":"2023-02-06T14:10:43","modified_gmt":"2023-02-06T14:10:43","slug":"certificados-de-profesionalidad-labora-2022-2023","status":"publish","type":"page","link":"https:\/\/www.adehon.org\/es\/certificados-de-profesionalidad-labora-2022-2023\/","title":{"rendered":"CERTIFICADOS DE PROFESIONALIDAD &#8211; LABORA 2022\/2023"},"content":{"rendered":"\n<div class=\"wp-block-group\"><div class=\"wp-block-group__inner-container is-layout-flow wp-block-group-is-layout-flow\"><div class=\"wp-block-image\">\n<figure class=\"aligncenter size-large is-resized\"><a href=\"https:\/\/www.adehon.org\/es\/wp-content\/uploads\/2023\/02\/LOGO.png\"><img loading=\"lazy\" decoding=\"async\" src=\"https:\/\/www.adehon.org\/es\/wp-content\/uploads\/2023\/02\/LOGO-1024x215.png\" alt=\"\" class=\"wp-image-4170\" width=\"1046\" height=\"219\" srcset=\"https:\/\/www.adehon.org\/es\/wp-content\/uploads\/2023\/02\/LOGO-1024x215.png 1024w, https:\/\/www.adehon.org\/es\/wp-content\/uploads\/2023\/02\/LOGO-300x63.png 300w, https:\/\/www.adehon.org\/es\/wp-content\/uploads\/2023\/02\/LOGO-768x161.png 768w, https:\/\/www.adehon.org\/es\/wp-content\/uploads\/2023\/02\/LOGO-1536x322.png 1536w, https:\/\/www.adehon.org\/es\/wp-content\/uploads\/2023\/02\/LOGO-2048x429.png 2048w\" sizes=\"auto, (max-width: 1046px) 100vw, 1046px\" \/><\/a><\/figure><\/div><\/div><\/div>\n\n\n\n<div class=\"wp-block-cover is-light has-custom-content-position is-position-bottom-center\"><span aria-hidden=\"true\" class=\"wp-block-cover__background has-white-background-color has-background-dim-70 has-background-dim\"><\/span><img loading=\"lazy\" decoding=\"async\" width=\"1920\" height=\"1288\" class=\"wp-block-cover__image-background wp-image-3493\" alt=\"\" src=\"https:\/\/www.adehon.org\/es\/wp-content\/uploads\/2020\/12\/notebook-336634_1920.jpg\" style=\"object-position:46% 32%\" data-object-fit=\"cover\" data-object-position=\"46% 32%\" srcset=\"https:\/\/www.adehon.org\/es\/wp-content\/uploads\/2020\/12\/notebook-336634_1920.jpg 1920w, https:\/\/www.adehon.org\/es\/wp-content\/uploads\/2020\/12\/notebook-336634_1920-300x201.jpg 300w, https:\/\/www.adehon.org\/es\/wp-content\/uploads\/2020\/12\/notebook-336634_1920-768x515.jpg 768w, https:\/\/www.adehon.org\/es\/wp-content\/uploads\/2020\/12\/notebook-336634_1920-1024x687.jpg 1024w\" sizes=\"auto, (max-width: 1920px) 100vw, 1920px\" \/><div class=\"wp-block-cover__inner-container is-layout-flow wp-block-cover-is-layout-flow\">\n<div class=\"wp-block-group\"><div class=\"wp-block-group__inner-container is-layout-flow wp-block-group-is-layout-flow\">\n<p class=\"has-x-large-font-size\"><strong>CURSOS GRATUITOS <\/strong><\/p>\n\n\n\n<p class=\"has-x-large-font-size\"><strong>CERTIFICADOS DE PROFESIONALIDAD <\/strong><\/p>\n\n\n\n<p class=\"has-x-large-font-size\"><strong>LABORA 2022\/2023<\/strong><\/p>\n<\/div><\/div>\n<\/div><\/div>\n\n\n\n<p class=\"has-text-align-left has-black-color has-text-color\"><strong>Los certificados de profesionalidad son el instrumento de acreditaci\u00f3n oficial de las cualificaciones profesionales del Cat\u00e1logo Nacional de Cualificaciones Profesionales en el \u00e1mbito de la administraci\u00f3n laboral. Se ordenan en 26 familias profesionales y tres niveles de cualificaci\u00f3n.<\/strong><\/p>\n\n\n\n<p>Cada certificado acredita el conjunto de competencias profesionales que capacitan para el desarrollo de una actividad laboral identificable en el sistema productivo, sin que ello constituya regulaci\u00f3n del ejercicio profesional.<\/p>\n\n\n\n<p>En sentido, cada certificado se corresponde con un perfil profesional estructurado en unidades de competencia. El certificado incluye la formaci\u00f3n asociada a dicho perfil, de manera que las unidades de competencia se asocian a m\u00f3dulos formativos, contempl\u00e1ndose tambi\u00e9n un M\u00f3dulo de Formaci\u00f3n Pr\u00e1ctica en Centros de Trabajo.<\/p>\n\n\n\n<p>Los certificados tienen car\u00e1cter oficial y validez en todo el territorio nacional y son expedidos por el SEPE y los \u00f3rganos competentes de las Comunidades Aut\u00f3nomas.<\/p>\n\n\n\n<p>Se obtienen a trav\u00e9s de dos v\u00edas:<\/p>\n\n\n\n<ul class=\"wp-block-list\">\n<li>Formaci\u00f3n formal: superando todos los m\u00f3dulos correspondientes al certificado.<br>Reconocimiento de la experiencia laboral o v\u00edas no formales de formaci\u00f3n: cuando se haya obtenido el reconocimiento y la acreditaci\u00f3n de todas las unidades de competencia que componen el certificado.<\/li>\n\n\n\n<li>A trav\u00e9s de la formaci\u00f3n en alternancia con el empleo, se pueden obtener los certificados de profesionalidad mediante los contratos para la formaci\u00f3n y el aprendizaje y la participaci\u00f3n en los programas de Escuelas Taller y Talleres de Empleo.<\/li>\n<\/ul>\n\n\n\n<p>El Repertorio Nacional de Certificados de Profesionalidad es el conjunto de certificados de profesionalidad ordenados sectorialmente en 26 familias profesionales y constituido por certificados de profesionalidad de nivel 1, nivel 2 y nivel 3.<\/p>\n\n\n\n<p>Listado de Certificados que vamos a impartir pr\u00f3ximamente:<\/p>\n\n\n\n<hr class=\"wp-block-separator has-css-opacity\"\/>\n\n\n\n<div class=\"wp-block-group\"><div class=\"wp-block-group__inner-container is-layout-flow wp-block-group-is-layout-flow\">\n<div class=\"wp-block-columns is-layout-flex wp-container-core-columns-is-layout-1 wp-block-columns-is-layout-flex\">\n<div class=\"wp-block-column is-layout-flow wp-block-column-is-layout-flow\">\n<h5 class=\"has-text-align-left has-black-color has-text-color has-background has-small-font-size wp-block-heading\" style=\"background-color:#8bbc19;letter-spacing:-0.2px\">ADGD0208: GESTI\u00d3N INTEGRADA DE RECURSOS HUMANOS &#8211; NIVEL 3<\/h5>\n\n\n<div class=\"lightweight-accordion\"><details><summary class=\"lightweight-accordion-title\"><span>Datos b\u00e1sicos<\/span><\/summary><div class=\"lightweight-accordion-body\">\n\n<p><strong>Plazo de matriculaci\u00f3n:<\/strong>&nbsp;ABIERTO<\/p>\n\n\n\n<p><strong>PR\u00d3XIMO INICIO<\/strong><\/p>\n\n\n\n<p><strong>Modalidad:<\/strong>&nbsp;Presencial<\/p>\n\n\n\n<p><strong>Duraci\u00f3n:<\/strong>&nbsp;924 horas<\/p>\n\n\n\n<p><strong>Precio:<\/strong>&nbsp;Gratuito<\/p>\n\n<\/div><\/details><\/div>\n\n<div class=\"lightweight-accordion\"><details><summary class=\"lightweight-accordion-title\"><span>Objetivos<\/span><\/summary><div class=\"lightweight-accordion-body\">\n\n<p>Realizar la gesti\u00f3n administrativa de las actividades vinculadas a la administraci\u00f3n de recursos humanos y de la informaci\u00f3n derivada en el marco de una organizaci\u00f3n, de acuerdo con los objetivos marcados, las normas internas establecidas y la legislaci\u00f3n vigente.<\/p>\n\n<\/div><\/details><\/div>\n\n<div class=\"lightweight-accordion\"><details><summary class=\"lightweight-accordion-title\"><span>Contenidos<\/span><\/summary><div class=\"lightweight-accordion-body\">\n\n<p>1. MF0237_3: Gesti\u00f3n Administrativa de las Relaciones Laborales (210 horas)<\/p>\n\n\n\n<p>2. MF0238_3: Gesti\u00f3n de Recursos Humanos (100 horas)<\/p>\n\n\n\n<p>3. MF0987_3: Gesti\u00f3n de Sistemas de Informaci\u00f3n y Archivo (120 horas)<\/p>\n\n\n\n<p>4. MF0233_2: Ofim\u00e1tica (190 horas)<\/p>\n\n\n\n<p><strong>5. MP0078: M\u00f3dulo de pr\u00e1cticas no laborales (120 horas)<\/strong><\/p>\n\n\n\n<p><strong>Contenidos complementarios:<\/strong><\/p>\n\n\n\n<p>FCOO03 Inserci\u00f3n laboral, sensibilizaci\u00f3n medioambiental y la igualdad de gesti\u00f3n &nbsp;&nbsp;&nbsp;(10 horas)<\/p>\n\n\n\n<p>FCOO09 Introducci\u00f3n a la producci\u00f3n audiovisual en la b\u00fasqueda de empleo&nbsp;&nbsp;&nbsp;&nbsp;&nbsp;&nbsp;&nbsp;&nbsp; &nbsp;(69 horas)<\/p>\n\n\n\n<p>FCOI02 Alfabetizaci\u00f3n inform\u00e1tica: Inform\u00e1tica e internet (25 horas)<\/p>\n\n\n\n<p>FCOO04 Fomento y promoci\u00f3n del trabajo y aut\u00f3nomo (30 horas)<\/p>\n\n<\/div><\/details><\/div>\n\n<div class=\"lightweight-accordion\"><details><summary class=\"lightweight-accordion-title\"><span>Requisitos de acceso<\/span><\/summary><div class=\"lightweight-accordion-body\">\n\n<ul class=\"wp-block-list\">\n<li>Estar inscrito en Labora<\/li>\n\n\n\n<li>T\u00edtulo de Bachiller.<\/li>\n\n\n\n<li>Certificado de profesionalidad de nivel 3.<\/li>\n\n\n\n<li>Certificado de profesionalidad de nivel 2 de la misma familia y \u00e1rea profesional.<\/li>\n\n\n\n<li>Cumplir el requisito acad\u00e9mico de acceso a los ciclos formativos de grado superior o bien haber superado las correspondientes pruebas de acceso a grado superior.<\/li>\n\n\n\n<li>Tener superada la prueba de acceso a la universidad para mayores de 25 a\u00f1os y\/o de 45 a\u00f1os.<\/li>\n\n\n\n<li>De no cumplir requisitos: solicitar al centro pruebas de competencias nivel 3<\/li>\n<\/ul>\n\n<\/div><\/details><\/div>\n\n\n<div class=\"wp-block-buttons is-layout-flex wp-block-buttons-is-layout-flex\">\n<div class=\"wp-block-button is-style-fill\"><a class=\"wp-block-button__link has-black-color has-text-color has-background wp-element-button\" href=\"https:\/\/forms.gle\/Sus828HYbEdSWrmA6\" style=\"background-color:#8bbc19\" target=\"_blank\" rel=\"noreferrer noopener\"><strong>Pre-inscripci\u00f3n<\/strong><\/a><\/div>\n<\/div>\n\n\n\n<div class=\"wp-block-buttons is-horizontal is-content-justification-left is-layout-flex wp-container-core-buttons-is-layout-2 wp-block-buttons-is-layout-flex\"><\/div>\n<\/div>\n\n\n\n<div class=\"wp-block-column is-layout-flow wp-block-column-is-layout-flow\">\n<h5 class=\"has-black-color has-text-color has-background has-small-font-size wp-block-heading\" style=\"background-color:#8bbc19;letter-spacing:0px\">ADGD0108: GESTI\u00d3N CONTABLE Y GESTI\u00d3N ADMINISTRATIVA PARA AUDITOR\u00cdA &#8211; NIVEL 3                                                  <\/h5>\n\n\n<div class=\"lightweight-accordion\"><details><summary class=\"lightweight-accordion-title\"><span>Datos b\u00e1sicos<\/span><\/summary><div class=\"lightweight-accordion-body\">\n\n<p><strong>Plazo de matriculaci\u00f3n:<\/strong>&nbsp;ABIERTO<\/p>\n\n\n\n<p><strong>PR\u00d3XIMO INICIO<\/strong><\/p>\n\n\n\n<p><strong>Modalidad:<\/strong>&nbsp;Presencial<\/p>\n\n\n\n<p><strong>Duraci\u00f3n:<\/strong>&nbsp;889 horas<\/p>\n\n\n\n<p><strong>Precio:<\/strong>&nbsp;Gratuito<\/p>\n\n<\/div><\/details><\/div>\n\n<div class=\"lightweight-accordion\"><details><summary class=\"lightweight-accordion-title\"><span>Objetivos<\/span><\/summary><div class=\"lightweight-accordion-body\">\n\n<p>Efectuar la gesti\u00f3n administrativa contable-fiscal garantizando el mantenimiento actualizado del sistema de informaci\u00f3n y el archivo de la documentaci\u00f3n, y realizar las gestiones administrativas de los procedimientos previstos en el plan global de auditor\u00eda.<\/p>\n\n<\/div><\/details><\/div>\n\n<div class=\"lightweight-accordion\"><details><summary class=\"lightweight-accordion-title\"><span>Contenidos<\/span><\/summary><div class=\"lightweight-accordion-body\">\n\n<p>1. MF0231_3: Contabilidad y Fiscalidad (240 horas)<\/p>\n\n\n\n<p>2. MF0232_3: Auditor\u00eda (120 horas)<\/p>\n\n\n\n<p>3. MF0233_2: Ofim\u00e1tica (190 horas)<\/p>\n\n\n\n<p><strong>4. MP075: M\u00f3dulo de pr\u00e1cticas profesionales no laborales (80 horas)<\/strong><\/p>\n\n\n\n<p><strong>Contenidos complementarios:<\/strong><\/p>\n\n\n\n<p>FCOO03 Inserci\u00f3n laboral, sensibilizaci\u00f3n medioambiental (10 horas)<\/p>\n\n\n\n<p>FCOO12 Competencias para el desarrollo de los recursos humanos en la empresa (150 horas)<\/p>\n\n\n\n<p>FCOO09 Introducci\u00f3n a la producci\u00f3n audiovisual en la b\u00fasqueda de empleo (69 horas) <\/p>\n\n\n\n<p>FCOO04 Fomento y promoci\u00f3n del trabajo aut\u00f3nomo (30 horas)<\/p>\n\n<\/div><\/details><\/div>\n\n<div class=\"lightweight-accordion\"><details><summary class=\"lightweight-accordion-title\"><span>Requisitos de acceso<\/span><\/summary><div class=\"lightweight-accordion-body\">\n\n<ul class=\"wp-block-list\">\n<li>Estar inscrito en Labora<\/li>\n\n\n\n<li>T\u00edtulo de Bachiller.<\/li>\n\n\n\n<li>Certificado de profesionalidad de nivel 3.<\/li>\n\n\n\n<li>Certificado de profesionalidad de nivel 2 de la misma familia y \u00e1rea profesional.<\/li>\n\n\n\n<li>Cumplir el requisito acad\u00e9mico de acceso a los ciclos formativos de grado superior o bien haber superado las correspondientes pruebas de acceso a grado superior.<\/li>\n\n\n\n<li>Tener superada la prueba de acceso a la universidad para mayores de 25 a\u00f1os y\/o de 45 a\u00f1os.<\/li>\n\n\n\n<li>De no cumplir requisitos: solicitar al centro pruebas de competencias nivel 3<\/li>\n<\/ul>\n\n<\/div><\/details><\/div>\n\n\n<div class=\"wp-block-buttons is-layout-flex wp-block-buttons-is-layout-flex\">\n<div class=\"wp-block-button\"><a class=\"wp-block-button__link has-black-color has-text-color has-background wp-element-button\" href=\"https:\/\/forms.gle\/Sus828HYbEdSWrmA6\" style=\"background-color:#8bbc19\" target=\"_blank\" rel=\"noreferrer noopener\"><strong>Pre-inscripci\u00f3n<\/strong><\/a><\/div>\n<\/div>\n<\/div>\n\n\n\n<div class=\"wp-block-column is-layout-flow wp-block-column-is-layout-flow\">\n<h5 class=\"has-black-color has-text-color has-background has-small-font-size wp-block-heading\" style=\"background-color:#8bbc19\">ADGD0308: ACTIVIDADES DE GESTI\u00d3N ADMINISTRATIVA &#8211; NIVEL 2<\/h5>\n\n\n<div class=\"lightweight-accordion\"><details><summary class=\"lightweight-accordion-title\"><span>Datos b\u00e1sicos<\/span><\/summary><div class=\"lightweight-accordion-body\">\n\n<p><strong>Plazo de matriculaci\u00f3n:<\/strong>&nbsp;ABIERTO<\/p>\n\n\n\n<p><strong>PR\u00d3XIMO INICIO<\/strong><\/p>\n\n\n\n<p><strong>Modalidad:<\/strong>&nbsp;Presencial<\/p>\n\n\n\n<p><strong>Duraci\u00f3n:<\/strong>&nbsp;890 horas<\/p>\n\n\n\n<p><strong>Precio:<\/strong>&nbsp;Gratuito<\/p>\n\n<\/div><\/details><\/div>\n\n<div class=\"lightweight-accordion\"><details><summary class=\"lightweight-accordion-title\"><span>Objetivos<\/span><\/summary><div class=\"lightweight-accordion-body\">\n\n<p>Realizar las operaciones de la gesti\u00f3n administrativa de compraventa de productos y servicios, tesorer\u00eda y personal, as\u00ed como la introducci\u00f3n de registros contables predefinidos, previa obtenci\u00f3n y procesamiento y archivo de la informaci\u00f3n y documentaci\u00f3n necesaria mediante los soportes convencionales o inform\u00e1ticos adecuados, siguiendo instrucciones definidas, en condiciones de seguridad, respeto a la normativa vigente y atendiendo a criterios de calidad definidos por la organizaci\u00f3n.<\/p>\n\n<\/div><\/details><\/div>\n\n<div class=\"lightweight-accordion\"><details><summary class=\"lightweight-accordion-title\"><span>Contenidos<\/span><\/summary><div class=\"lightweight-accordion-body\">\n\n<p>1. MF0976_2: Operaciones administrativas comerciales (160 horas)<\/p>\n\n\n\n<p>2. MF0979_2: Gesti\u00f3n operativa de tesorer\u00eda (90 horas)<\/p>\n\n\n\n<p>3. MF0980_2: Gesti\u00f3n auxiliar de personal (90 horas)<\/p>\n\n\n\n<p>4. MF0981_2: Registros Contables (120 horas)<\/p>\n\n\n\n<p>5. MF0973_1: Grabaci\u00f3n de datos (90 horas)<\/p>\n\n\n\n<p>6. MF0978_2: Grabaci\u00f3n de archivos (60 horas)<\/p>\n\n\n\n<p>7. MF0233_2: Ofim\u00e1tica (190 horas)<\/p>\n\n\n\n<p><strong>8. MP0111: M\u00f3dulo de pr\u00e1cticas profesionales no laborales (90 horas)<\/strong><\/p>\n\n\n\n<p><strong>Contenidos complementarios:<\/strong><\/p>\n\n\n\n<p>FCOO03: Inserci\u00f3n laboral, sensibilizaci\u00f3n medioambiental (10 horas)<\/p>\n\n<\/div><\/details><\/div>\n\n<div class=\"lightweight-accordion\"><details><summary class=\"lightweight-accordion-title\"><span>Requisitos de acceso<\/span><\/summary><div class=\"lightweight-accordion-body\">\n\n<ul class=\"wp-block-list\">\n<li>Estar inscrito en Labora.<\/li>\n<\/ul>\n\n\n\n<ul class=\"wp-block-list\">\n<li>T\u00edtulo de Graduado en Educaci\u00f3n Secundaria Obligatoria.<\/li>\n\n\n\n<li>Certificado de profesionalidad de nivel 2.<\/li>\n\n\n\n<li>Certificado de profesionalidad de nivel 1 de la misma familia y \u00e1rea profesional.<\/li>\n\n\n\n<li>Cumplir el requisito acad\u00e9mico de acceso a los ciclos formativos de grado medio o bien haber superado las correspondientes pruebas de acceso a grado medio.<\/li>\n\n\n\n<li>Tener superada la prueba de acceso a la universidad para mayores de 25 a\u00f1os y\/o de 45 a\u00f1os.<\/li>\n\n\n\n<li>De no cumplir requisitos: solicitar al centro pruebas de competencias nivel 2<\/li>\n<\/ul>\n\n<\/div><\/details><\/div>\n\n\n<div class=\"wp-block-buttons is-layout-flex wp-block-buttons-is-layout-flex\">\n<div class=\"wp-block-button\"><a class=\"wp-block-button__link has-black-color has-text-color has-background wp-element-button\" href=\"https:\/\/forms.gle\/Sus828HYbEdSWrmA6\" style=\"background-color:#8bbc19\" target=\"_blank\" rel=\"noreferrer noopener\"><strong>Pre-inscripci\u00f3n<\/strong><\/a><\/div>\n<\/div>\n<\/div>\n<\/div>\n<\/div><\/div>\n\n\n\n<hr class=\"wp-block-separator has-css-opacity\"\/>\n\n\n\n<div class=\"wp-block-group\"><div class=\"wp-block-group__inner-container is-layout-flow wp-block-group-is-layout-flow\">\n<div class=\"wp-block-columns is-layout-flex wp-container-core-columns-is-layout-2 wp-block-columns-is-layout-flex\">\n<div class=\"wp-block-column is-layout-flow wp-block-column-is-layout-flow\">\n<h5 class=\"has-text-align-left has-black-color has-text-color has-background has-small-font-size wp-block-heading\" style=\"background-color:#8bbc19;letter-spacing:-0.2px\">ADGG0108: ASISTENCIA A LA DIRECCI\u00d3N &#8211; NIVEL 3<\/h5>\n\n\n<div class=\"lightweight-accordion\"><details><summary class=\"lightweight-accordion-title\"><span>Datos b\u00e1sicos<\/span><\/summary><div class=\"lightweight-accordion-body\">\n\n<p><strong>Plazo de matriculaci\u00f3n:<\/strong>&nbsp;ABIERTO<\/p>\n\n\n\n<p><strong>PR\u00d3XIMO INICIO<\/strong><\/p>\n\n\n\n<p><strong>Modalidad:<\/strong>&nbsp;Presencial<\/p>\n\n\n\n<p><strong>Duraci\u00f3n:<\/strong>&nbsp;785 horas<\/p>\n\n\n\n<p><strong>Precio:<\/strong>&nbsp;Gratuito<\/p>\n\n<\/div><\/details><\/div>\n\n<div class=\"lightweight-accordion\"><details><summary class=\"lightweight-accordion-title\"><span>Objetivos<\/span><\/summary><div class=\"lightweight-accordion-body\">\n\n<p>Gestionar las informaciones y comunicaciones, internas y externas, relacionadas con los responsables y \u00f3rganos de la direcci\u00f3n utilizando, en caso necesario, la lengua inglesa y\/u otra lengua extranjera, manteniendo el archivo propio de la secretar\u00eda de direcci\u00f3n, as\u00ed como asistir a la direcci\u00f3n en el desarrollo y ejecuci\u00f3n de las actividades de organizaci\u00f3n delegadas por la misma, con visi\u00f3n global y pro-actividad, seg\u00fan los objetivos marcados y las normas internas establecidas.<\/p>\n\n<\/div><\/details><\/div>\n\n<div class=\"lightweight-accordion\"><details><summary class=\"lightweight-accordion-title\"><span>Contenidos<\/span><\/summary><div class=\"lightweight-accordion-body\">\n\n<p>1. MF0982_3: Administraci\u00f3n y gesti\u00f3n de las comunicaciones (80 horas)<\/p>\n\n\n\n<p>2. MF0983_3: Gesti\u00f3n de reuniones, viajes y eventos (120 horas)<\/p>\n\n\n\n<p>3. MF0986_3: Elaboraci\u00f3n. tratamiento y presentaci\u00f3n de documentos de trabajo (140 horas)<\/p>\n\n\n\n<p>4. MF0984_3: Ingl\u00e9s profesional para la asistencia a la direcci\u00f3n (110 horas)<\/p>\n\n\n\n<p>5. MF0985_2: Lengua extranjera profesional distintas del ingl\u00e9s para la asistencia a la direcci\u00f3n (80 horas)<\/p>\n\n\n\n<p><strong>6. MP0776: M\u00f3dulo de pr\u00e1cticas profesionales no laborales (80 horas)<\/strong><\/p>\n\n\n\n<p><strong>Contenidos complementarios:<\/strong><\/p>\n\n\n\n<p>FCOO12 Competencias para el desarrollo de los recursos humanos (150 horas)<\/p>\n\n\n\n<p>FCOO03 Inserci\u00f3n laboral, sensibilizaci\u00f3n medioambiental (10 horas)<\/p>\n\n\n\n<p>FCOO01 Inserci\u00f3n laboral y t\u00e9cnicas de b\u00fasqueda de empleo (15 horas)<\/p>\n\n<\/div><\/details><\/div>\n\n<div class=\"lightweight-accordion\"><details><summary class=\"lightweight-accordion-title\"><span>Requisitos de acceso<\/span><\/summary><div class=\"lightweight-accordion-body\">\n\n<ul class=\"wp-block-list\">\n<li>Estar inscrito en Labora<\/li>\n\n\n\n<li>T\u00edtulo de Bachiller.<\/li>\n\n\n\n<li>Certificado de profesionalidad de nivel 3.<\/li>\n\n\n\n<li>Certificado de profesionalidad de nivel 2 de la misma familia y \u00e1rea profesional.<\/li>\n\n\n\n<li>Cumplir el requisito acad\u00e9mico de acceso a los ciclos formativos de grado superior o bien haber superado las correspondientes pruebas de acceso a grado superior.<\/li>\n\n\n\n<li>Tener superada la prueba de acceso a la universidad para mayores de 25 a\u00f1os y\/o de 45 a\u00f1os.<\/li>\n\n\n\n<li>De no cumplir requisitos: solicitar al centro pruebas de competencias nivel 3<\/li>\n<\/ul>\n\n<\/div><\/details><\/div>\n\n\n<div class=\"wp-block-buttons is-layout-flex wp-block-buttons-is-layout-flex\">\n<div class=\"wp-block-button is-style-fill\"><a class=\"wp-block-button__link has-black-color has-text-color has-background wp-element-button\" href=\"https:\/\/forms.gle\/Sus828HYbEdSWrmA6\" style=\"background-color:#8bbc19\" target=\"_blank\" rel=\"noreferrer noopener\"><strong>Pre-inscripci\u00f3n<\/strong><\/a><\/div>\n<\/div>\n\n\n\n<div class=\"wp-block-buttons is-horizontal is-content-justification-left is-layout-flex wp-container-core-buttons-is-layout-6 wp-block-buttons-is-layout-flex\"><\/div>\n<\/div>\n\n\n\n<div class=\"wp-block-column is-layout-flow wp-block-column-is-layout-flow\">\n<h5 class=\"has-black-color has-text-color has-background has-small-font-size wp-block-heading\" style=\"background-color:#8bbc19;letter-spacing:0px\">ADGG0208: ACTIVIDADES ADMINISTRATIVAS EN LA RELACI\u00d3N CON EL CLIENTE &#8211; NIVEL 2<\/h5>\n\n\n<div class=\"lightweight-accordion\"><details><summary class=\"lightweight-accordion-title\"><span>Datos b\u00e1sicos<\/span><\/summary><div class=\"lightweight-accordion-body\">\n\n<p><strong>Plazo de matriculaci\u00f3n:<\/strong>&nbsp;ABIERTO<\/p>\n\n\n\n<p><strong>PR\u00d3XIMO INICIO<\/strong><\/p>\n\n\n\n<p><strong>Modalidad:<\/strong>&nbsp;Presencial<\/p>\n\n\n\n<p><strong>Duraci\u00f3n:<\/strong>&nbsp;930 horas<\/p>\n\n\n\n<p><strong>Precio:<\/strong>&nbsp;Gratuito<\/p>\n\n<\/div><\/details><\/div>\n\n<div class=\"lightweight-accordion\"><details><summary class=\"lightweight-accordion-title\"><span>Objetivos<\/span><\/summary><div class=\"lightweight-accordion-body\">\n\n<p>Realizar las operaciones de recepci\u00f3n y apoyo a la gesti\u00f3n administrativa derivada de las relaciones con el p\u00fablico o cliente, interno o externo, con calidad de servicio, dentro de su \u00e1mbito de actuaci\u00f3n y responsabilidad, utilizando los medios inform\u00e1ticos y telem\u00e1ticos, y en caso necesario, una lengua extranjera, y aplicando los procedimientos internos y la normativa vigente.<\/p>\n\n<\/div><\/details><\/div>\n\n<div class=\"lightweight-accordion\"><details><summary class=\"lightweight-accordion-title\"><span>Contenidos<\/span><\/summary><div class=\"lightweight-accordion-body\">\n\n<p>1. MF0975_2: T\u00e9cnicas de recepci\u00f3n y comunicaci\u00f3n (90 horas)<\/p>\n\n\n\n<p>2. MF0976_2: Operaciones administrativas comerciales (160 horas)<\/p>\n\n\n\n<p>3. MF0973_ 2: Grabaci\u00f3n de datos (90 horas)<\/p>\n\n\n\n<p>4. MF0978_2: Gesti\u00f3n de archivos (60 horas)<\/p>\n\n\n\n<p>5. MF0977_2: Lengua extranjera profesional para la gesti\u00f3n administrativa (90 horas)<\/p>\n\n\n\n<p>6. MF0233_2: Ofim\u00e1tica (190 horas)<\/p>\n\n\n\n<p><strong>7. MP0079 M\u00f3dulo de pr\u00e1cticas profesionales no laborales (120 horas)<\/strong><\/p>\n\n\n\n<p><strong>Contenidos complementarios:<\/strong><\/p>\n\n\n\n<p>FCOO03 Inserci\u00f3n laboral, sensibilizaci\u00f3n medioambiental (10 horas)<\/p>\n\n\n\n<p>FCOE05 Alem\u00e1n para el turismo \u2013 transporte a\u00e9reo (90 horas)<\/p>\n\n\n\n<p>FCOO04 Fomento y promoci\u00f3n del trabajo aut\u00f3nomo (30 horas)<\/p>\n\n<\/div><\/details><\/div>\n\n<div class=\"lightweight-accordion\"><details><summary class=\"lightweight-accordion-title\"><span>Requisitos de acceso<\/span><\/summary><div class=\"lightweight-accordion-body\">\n\n<ul class=\"wp-block-list\">\n<li>Estar inscrito en Labora.<\/li>\n<\/ul>\n\n\n\n<ul class=\"wp-block-list\">\n<li>T\u00edtulo de Graduado en Educaci\u00f3n Secundaria Obligatoria.<\/li>\n\n\n\n<li>Certificado de profesionalidad de nivel 2.<\/li>\n\n\n\n<li>Certificado de profesionalidad de nivel 1 de la misma familia y \u00e1rea profesional.<\/li>\n\n\n\n<li>Cumplir el requisito acad\u00e9mico de acceso a los ciclos formativos de grado medio o bien haber superado las correspondientes pruebas de acceso a grado medio.<\/li>\n\n\n\n<li>Tener superada la prueba de acceso a la universidad para mayores de 25 a\u00f1os y\/o de 45 a\u00f1os.<\/li>\n\n\n\n<li>De no cumplir requisitos: solicitar al centro pruebas de competencias nivel 2<\/li>\n<\/ul>\n\n<\/div><\/details><\/div>\n\n\n<div class=\"wp-block-buttons is-layout-flex wp-block-buttons-is-layout-flex\">\n<div class=\"wp-block-button\"><a class=\"wp-block-button__link has-black-color has-text-color has-background wp-element-button\" href=\"https:\/\/forms.gle\/Sus828HYbEdSWrmA6\" style=\"background-color:#8bbc19\" target=\"_blank\" rel=\"noreferrer noopener\"><strong>Pre-inscripci\u00f3n<\/strong><\/a><\/div>\n<\/div>\n<\/div>\n\n\n\n<div class=\"wp-block-column is-layout-flow wp-block-column-is-layout-flow\">\n<h5 class=\"has-black-color has-text-color has-background has-small-font-size wp-block-heading\" style=\"background-color:#8bbc19\">ADGG0508: OPERACIONES DE GRABACI\u00d3N Y TRATAMIENTO DE DATOS Y DOCUMENTOS &#8211; NIVEL 1 &#8211; CORTO<\/h5>\n\n\n<div class=\"lightweight-accordion\"><details><summary class=\"lightweight-accordion-title\"><span>Datos b\u00e1sicos<\/span><\/summary><div class=\"lightweight-accordion-body\">\n\n<p><strong>Plazo de matriculaci\u00f3n:<\/strong>&nbsp;ABIERTO<\/p>\n\n\n\n<p><strong>PR\u00d3XIMO INICIO<\/strong><\/p>\n\n\n\n<p><strong>Modalidad:<\/strong>&nbsp;Presencial<\/p>\n\n\n\n<p><strong>Duraci\u00f3n:<\/strong>&nbsp;450 horas<\/p>\n\n\n\n<p><strong>Precio:<\/strong>&nbsp;Gratuito<\/p>\n\n<\/div><\/details><\/div>\n\n<div class=\"lightweight-accordion\"><details><summary class=\"lightweight-accordion-title\"><span>Objetivos<\/span><\/summary><div class=\"lightweight-accordion-body\">\n\n<p>Realizar operaciones de grabaci\u00f3n de datos, as\u00ed como transcribir, reproducir y archivar la informaci\u00f3n y documentaci\u00f3n requeridas en las tareas administrativas y de gesti\u00f3n, de acuerdo con instrucciones, normativa y procedimientos establecidos, de forma coordinada y con criterios de calidad, productividad, seguridad y respeto al medio ambiente.<\/p>\n\n<\/div><\/details><\/div>\n\n<div class=\"lightweight-accordion\"><details><summary class=\"lightweight-accordion-title\"><span>Contenidos<\/span><\/summary><div class=\"lightweight-accordion-body\">\n\n<p><strong>1.<\/strong> MF0973_1: Grabaci\u00f3n de datos (90 horas)<\/p>\n\n\n\n<p><strong>2.<\/strong> MF0974_1: Tratamiento de datos, textos y documentaci\u00f3n (150 horas)<\/p>\n\n\n\n<p><strong>3.<\/strong> MF0974_1: Reproducci\u00f3n y archivo (120 horas)<\/p>\n\n\n\n<p><strong>4. MP0110: M\u00f3dulo de pr\u00e1cticas profesionales no laborales (80 horas)<\/strong><\/p>\n\n\n\n<p><strong>Contenidos complementarios:<\/strong><\/p>\n\n\n\n<p>FCOO03: Inserci\u00f3n laboral, sensibilizaci\u00f3n medioambiental (10 horas)<\/p>\n\n<\/div><\/details><\/div>\n\n<div class=\"lightweight-accordion\"><details><summary class=\"lightweight-accordion-title\"><span>Requisitos de acceso<\/span><\/summary><div class=\"lightweight-accordion-body\">\n\n<ul class=\"wp-block-list\">\n<li>Estar inscrito en Labora.<\/li>\n<\/ul>\n\n<\/div><\/details><\/div>\n\n\n<div class=\"wp-block-buttons is-layout-flex wp-block-buttons-is-layout-flex\">\n<div class=\"wp-block-button\"><a class=\"wp-block-button__link has-black-color has-text-color has-background wp-element-button\" href=\"https:\/\/forms.gle\/Sus828HYbEdSWrmA6\" style=\"background-color:#8bbc19\" target=\"_blank\" rel=\"noreferrer noopener\"><strong>Pre-inscripci\u00f3n<\/strong><\/a><\/div>\n<\/div>\n<\/div>\n<\/div>\n<\/div><\/div>\n\n\n\n<hr class=\"wp-block-separator has-css-opacity\"\/>\n\n\n\n<div class=\"wp-block-group\"><div class=\"wp-block-group__inner-container is-layout-flow wp-block-group-is-layout-flow\">\n<div class=\"wp-block-columns is-layout-flex wp-container-core-columns-is-layout-3 wp-block-columns-is-layout-flex\">\n<div class=\"wp-block-column is-layout-flow wp-block-column-is-layout-flow\">\n<h5 class=\"has-text-align-left has-black-color has-text-color has-background has-small-font-size wp-block-heading\" style=\"background-color:#8bbc19;letter-spacing:-0.2px\">ADGG0508: OPERACIONES DE GRABACI\u00d3N Y TRATAMIENTO DE DATOS Y DOCUMENTOS &#8211; NIVEL 1 &#8211; LARGO<\/h5>\n\n\n<div class=\"lightweight-accordion\"><details><summary class=\"lightweight-accordion-title\"><span>Datos b\u00e1sicos<\/span><\/summary><div class=\"lightweight-accordion-body\">\n\n<p><strong>Plazo de matriculaci\u00f3n:<\/strong>&nbsp;ABIERTO<\/p>\n\n\n\n<p><strong>PR\u00d3XIMO INICIO<\/strong><\/p>\n\n\n\n<p><strong>Modalidad:<\/strong>&nbsp;Presencial<\/p>\n\n\n\n<p><strong>Duraci\u00f3n:<\/strong>&nbsp;704 horas<\/p>\n\n\n\n<p><strong>Precio:<\/strong>&nbsp;Gratuito<\/p>\n\n<\/div><\/details><\/div>\n\n<div class=\"lightweight-accordion\"><details><summary class=\"lightweight-accordion-title\"><span>Objetivos<\/span><\/summary><div class=\"lightweight-accordion-body\">\n\n<p>Realizar operaciones de grabaci\u00f3n de datos, as\u00ed como transcribir, reproducir y archivar la informaci\u00f3n y documentaci\u00f3n requeridas en las tareas administrativas y de gesti\u00f3n, de acuerdo con instrucciones, normativa y procedimientos establecidos, de forma coordinada y con criterios de calidad, productividad, seguridad y respeto al medio ambiente.<\/p>\n\n<\/div><\/details><\/div>\n\n<div class=\"lightweight-accordion\"><details><summary class=\"lightweight-accordion-title\"><span>Contenidos<\/span><\/summary><div class=\"lightweight-accordion-body\">\n\n<p><strong>1.<\/strong> MF0973_1: Grabaci\u00f3n de datos (90 horas)<\/p>\n\n\n\n<p><strong>2.<\/strong> MF0974_1: Tratamiento de datos, textos y documentaci\u00f3n (150 horas)<\/p>\n\n\n\n<p><strong>3.<\/strong> MF0974_1: Reproducci\u00f3n y archivo (120 horas)<\/p>\n\n\n\n<p><strong>4. MP0110: M\u00f3dulo de pr\u00e1cticas profesionales no laborales (80 horas)<\/strong><\/p>\n\n\n\n<p><strong>Contenidos complementarios:<\/strong><\/p>\n\n\n\n<p>FCOO12: Competencias para el desarrollo de los recursos humanos de la empresa (150 horas)<\/p>\n\n\n\n<p>FCOO03: Inserci\u00f3n laboral, sensibilizaci\u00f3n medioambiental (10 horas)<\/p>\n\n\n\n<p>FCOO09: Introducci\u00f3n a la producci\u00f3n audiovisual en la b\u00fasqueda de empleo (69 horas)<\/p>\n\n\n\n<p>FCOO08: Creaci\u00f3n y gesti\u00f3n de la marca personal y redes sociales en la b\u00fasqueda (35 horas)<\/p>\n\n<\/div><\/details><\/div>\n\n<div class=\"lightweight-accordion\"><details><summary class=\"lightweight-accordion-title\"><span>Requisitos de acceso<\/span><\/summary><div class=\"lightweight-accordion-body\">\n\n<ul class=\"wp-block-list\">\n<li>Estar inscrito en Labora.<\/li>\n<\/ul>\n\n<\/div><\/details><\/div>\n\n\n<div class=\"wp-block-buttons is-layout-flex wp-block-buttons-is-layout-flex\">\n<div class=\"wp-block-button is-style-fill\"><a class=\"wp-block-button__link has-black-color has-text-color has-background wp-element-button\" href=\"https:\/\/forms.gle\/Sus828HYbEdSWrmA6\" style=\"background-color:#8bbc19\" target=\"_blank\" rel=\"noreferrer noopener\"><strong>Pre-inscripci\u00f3n<\/strong><\/a><\/div>\n<\/div>\n\n\n\n<div class=\"wp-block-buttons is-horizontal is-content-justification-left is-layout-flex wp-container-core-buttons-is-layout-10 wp-block-buttons-is-layout-flex\"><\/div>\n<\/div>\n\n\n\n<div class=\"wp-block-column is-layout-flow wp-block-column-is-layout-flow\">\n<h5 class=\"has-black-color has-text-color has-background has-small-font-size wp-block-heading\" style=\"background-color:#8bbc19;letter-spacing:0px\">ADGN0108: FINANCIACI\u00d3N DE EMPRESAS &#8211; NIVEL 3                                            <\/h5>\n\n\n<div class=\"lightweight-accordion\"><details><summary class=\"lightweight-accordion-title\"><span>Datos b\u00e1sicos<\/span><\/summary><div class=\"lightweight-accordion-body\">\n\n<p><strong>Plazo de matriculaci\u00f3n:<\/strong>&nbsp;ABIERTO<\/p>\n\n\n\n<p><strong>PR\u00d3XIMO INICIO<\/strong><\/p>\n\n\n\n<p><strong>Modalidad:<\/strong>&nbsp;Presencial<\/p>\n\n\n\n<p><strong>Duraci\u00f3n:<\/strong>&nbsp;790 horas<\/p>\n\n\n\n<p><strong>Precio:<\/strong>&nbsp;Gratuito<\/p>\n\n<\/div><\/details><\/div>\n\n<div class=\"lightweight-accordion\"><details><summary class=\"lightweight-accordion-title\"><span>Objetivos<\/span><\/summary><div class=\"lightweight-accordion-body\">\n\n<p>Gestionar y contratar los servicios, productos y activos financieros necesarios, obteniendo la informaci\u00f3n de los mismos, y determinando las necesidades financieras de la organizaci\u00f3n, y realizar el control presupuestario de tesorer\u00eda contribuyendo al desarrollo habitual de la actividad empresarial, respetando los procedimientos internos y normas legales, y atendiendo a las debidas condiciones de calidad, seguridad y protecci\u00f3n del medio ambiente.<\/p>\n\n<\/div><\/details><\/div>\n\n<div class=\"lightweight-accordion\"><details><summary class=\"lightweight-accordion-title\"><span>Contenidos<\/span><\/summary><div class=\"lightweight-accordion-body\">\n\n<p>1. MF0498_3:&nbsp; An\u00e1lisis contables y presupuestario (120 horas)<\/p>\n\n\n\n<p><strong>2.<\/strong> &nbsp;MF0499_3: Productos, servicios y activos financieros (140 horas)<\/p>\n\n\n\n<p><strong>3.<\/strong> &nbsp;MF0500_3: Gesti\u00f3n de Tesorer\u00eda (100 horas)<\/p>\n\n\n\n<p><strong>4.<\/strong> MF0233_2: Ofim\u00e1tica (190 horas)<\/p>\n\n\n\n<p><strong>5. MP0777: M\u00f3dulo de pr\u00e1cticas profesionales no laborales (80 horas)<\/strong><\/p>\n\n\n\n<p><strong>Contenidos complementarios:<\/strong><\/p>\n\n\n\n<p>FCOO03: Inserci\u00f3n laboral, sensibilizaci\u00f3n medioambiental (10 horas)<\/p>\n\n\n\n<p>FCOO12: Competencias para el desarrollo de los recursos humanos de la empresa (150 horas)<\/p>\n\n<\/div><\/details><\/div>\n\n<div class=\"lightweight-accordion\"><details><summary class=\"lightweight-accordion-title\"><span>Requisitos de acceso<\/span><\/summary><div class=\"lightweight-accordion-body\">\n\n<ul class=\"wp-block-list\">\n<li>Estar inscrito en Labora<\/li>\n\n\n\n<li>T\u00edtulo de Bachiller.<\/li>\n\n\n\n<li>Certificado de profesionalidad de nivel 3.<\/li>\n\n\n\n<li>Certificado de profesionalidad de nivel 2 de la misma familia y \u00e1rea profesional.<\/li>\n\n\n\n<li>Cumplir el requisito acad\u00e9mico de acceso a los ciclos formativos de grado superior o bien haber superado las correspondientes pruebas de acceso a grado superior.<\/li>\n\n\n\n<li>Tener superada la prueba de acceso a la universidad para mayores de 25 a\u00f1os y\/o de 45 a\u00f1os.<\/li>\n\n\n\n<li>De no cumplir requisitos: solicitar al centro pruebas de competencias nivel 3<\/li>\n<\/ul>\n\n<\/div><\/details><\/div>\n\n\n<div class=\"wp-block-buttons is-layout-flex wp-block-buttons-is-layout-flex\">\n<div class=\"wp-block-button\"><a class=\"wp-block-button__link has-black-color has-text-color has-background wp-element-button\" href=\"https:\/\/forms.gle\/Sus828HYbEdSWrmA6\" style=\"background-color:#8bbc19\" target=\"_blank\" rel=\"noreferrer noopener\"><strong>Pre-inscripci\u00f3n<\/strong><\/a><\/div>\n<\/div>\n<\/div>\n\n\n\n<div class=\"wp-block-column is-layout-flow wp-block-column-is-layout-flow\">\n<h5 class=\"has-black-color has-text-color has-background has-small-font-size wp-block-heading\" style=\"background-color:#8bbc19\">COMT0210: GESTI\u00d3N ADMINISTRATIVA Y FINANCIERA DEL COMERCIO INTERNACIONAL &#8211; NIVEL 3<\/h5>\n\n\n<div class=\"lightweight-accordion\"><details><summary class=\"lightweight-accordion-title\"><span>Datos b\u00e1sicos<\/span><\/summary><div class=\"lightweight-accordion-body\">\n\n<p><strong>Plazo de matriculaci\u00f3n:<\/strong>&nbsp;ABIERTO<\/p>\n\n\n\n<p><strong>PR\u00d3XIMO INICIO<\/strong><\/p>\n\n\n\n<p><strong>Modalidad:<\/strong>&nbsp;Presencial<\/p>\n\n\n\n<p><strong>Duraci\u00f3n:<\/strong>&nbsp;735 horas<\/p>\n\n\n\n<p><strong>Precio:<\/strong>&nbsp;Gratuito<\/p>\n\n<\/div><\/details><\/div>\n\n<div class=\"lightweight-accordion\"><details><summary class=\"lightweight-accordion-title\"><span>Objetivos<\/span><\/summary><div class=\"lightweight-accordion-body\">\n\n<p>Realizar la gesti\u00f3n administrativa y financiera, as\u00ed como la de los medios de cobro y pago en las operaciones de comercio internacional, de acuerdo con objetivos y procedimientos establecidos.<\/p>\n\n<\/div><\/details><\/div>\n\n<div class=\"lightweight-accordion\"><details><summary class=\"lightweight-accordion-title\"><span>Contenidos<\/span><\/summary><div class=\"lightweight-accordion-body\">\n\n<p><strong>1.<\/strong> MF0242_3: Gesti\u00f3n administrativa del comercio internacional (230 horas)<\/p>\n\n\n\n<p><strong>2.&nbsp;<\/strong> MF0243_3: Financiaci\u00f3n internacional (180 horas)<\/p>\n\n\n\n<p><strong>3.<\/strong> MF0244_3: Medios de pago internacionales (90 horas)<\/p>\n\n\n\n<p><strong>4.<\/strong> MF1010_3: Ingles profesional para comercio internacional (120 horas)<\/p>\n\n\n\n<p><strong>5. MP0378: M\u00f3dulo de pr\u00e1cticas profesionales no laborales (40 horas)<\/strong><\/p>\n\n\n\n<p><strong>Contenidos complementarios:<\/strong><\/p>\n\n\n\n<p>FCOO03: Inserci\u00f3n laboral, sensibilizaci\u00f3n medioambiental (10 horas)<\/p>\n\n\n\n<p>FCOO04: Fomento y promoci\u00f3n de trabajo aut\u00f3nomo (30 horas)<\/p>\n\n\n\n<p>FCOI01: Alfabetizaci\u00f3n Inform\u00e1tica: Internet (10 horas)<\/p>\n\n\n\n<p>FCOI02: Alfabetizaci\u00f3n Inform\u00e1tica: Inform\u00e1tica e Internet (25 horas)<\/p>\n\n<\/div><\/details><\/div>\n\n<div class=\"lightweight-accordion\"><details><summary class=\"lightweight-accordion-title\"><span>Requisitos de acceso<\/span><\/summary><div class=\"lightweight-accordion-body\">\n\n<ul class=\"wp-block-list\">\n<li>Estar inscrito en Labora<\/li>\n\n\n\n<li>T\u00edtulo de Bachiller.<\/li>\n\n\n\n<li>Certificado de profesionalidad de nivel 3.<\/li>\n\n\n\n<li>Certificado de profesionalidad de nivel 2 de la misma familia y \u00e1rea profesional.<\/li>\n\n\n\n<li>Cumplir el requisito acad\u00e9mico de acceso a los ciclos formativos de grado superior o bien haber superado las correspondientes pruebas de acceso a grado superior.<\/li>\n\n\n\n<li>Tener superada la prueba de acceso a la universidad para mayores de 25 a\u00f1os y\/o de 45 a\u00f1os.<\/li>\n\n\n\n<li>De no cumplir requisitos: solicitar al centro pruebas de competencias nivel 3<\/li>\n<\/ul>\n\n<\/div><\/details><\/div>\n\n\n<div class=\"wp-block-buttons is-layout-flex wp-block-buttons-is-layout-flex\">\n<div class=\"wp-block-button\"><a class=\"wp-block-button__link has-black-color has-text-color has-background wp-element-button\" href=\"https:\/\/forms.gle\/Sus828HYbEdSWrmA6\" style=\"background-color:#8bbc19\" target=\"_blank\" rel=\"noreferrer noopener\"><strong>Pre-inscripci\u00f3n<\/strong><\/a><\/div>\n<\/div>\n<\/div>\n<\/div>\n<\/div><\/div>\n\n\n\n<hr class=\"wp-block-separator has-css-opacity\"\/>\n\n\n\n<div class=\"wp-block-group\"><div class=\"wp-block-group__inner-container is-layout-flow wp-block-group-is-layout-flow\">\n<div class=\"wp-block-columns is-layout-flex wp-container-core-columns-is-layout-11 wp-block-columns-is-layout-flex\">\n<div class=\"wp-block-column is-layout-flow wp-block-column-is-layout-flow\">\n<div class=\"wp-block-columns is-layout-flex wp-container-core-columns-is-layout-4 wp-block-columns-is-layout-flex\">\n<div class=\"wp-block-column is-layout-flow wp-block-column-is-layout-flow\" style=\"flex-basis:33.34%\">\n<h5 class=\"has-text-align-left has-black-color has-text-color has-background has-small-font-size wp-block-heading\" style=\"background-color:#8bbc19;letter-spacing:-0.2px\">SSCE0110: DOCENCIA DE LA FORMACI\u00d3N PROFESIONAL PARA EL EMPLEO &#8211; NIVEL 3<\/h5>\n<\/div>\n\n\n\n<div class=\"wp-block-column is-layout-flow wp-block-column-is-layout-flow\" style=\"flex-basis:33.34%\">\n<h5 class=\"has-black-color has-text-color has-background has-small-font-size wp-block-heading\" style=\"background-color:#8bbc19\">ADGG0408: OPERACIONES AUXILIARES DE SERVICIOS ADMINISTRATIVOS Y GENERALES &#8211; NIVEL 1 &#8211; CORTO<\/h5>\n<\/div>\n\n\n\n<div class=\"wp-block-column is-layout-flow wp-block-column-is-layout-flow\" style=\"flex-basis:33.33%\">\n<h5 class=\"has-black-color has-text-color has-background has-small-font-size wp-block-heading\" style=\"background-color:#8bbc19\">ADGG0408: OPERACIONES AUXILIARES DE SERVICIOS ADMINISTRATIVOS Y GENERALES &#8211; NIVEL 1 &#8211; LARGO<\/h5>\n<\/div>\n<\/div>\n\n\n\n<div class=\"wp-block-columns is-layout-flex wp-container-core-columns-is-layout-5 wp-block-columns-is-layout-flex\">\n<div class=\"wp-block-column is-layout-flow wp-block-column-is-layout-flow\" style=\"flex-basis:33.34%\"><div class=\"lightweight-accordion\"><details><summary class=\"lightweight-accordion-title\"><span>Datos b\u00e1sicos<\/span><\/summary><div class=\"lightweight-accordion-body\">\n\n<p><strong>Plazo de matriculaci\u00f3n:<\/strong>&nbsp;ABIERTO<\/p>\n\n\n\n<p><strong>PR\u00d3XIMO INICIO<\/strong><\/p>\n\n\n\n<p><strong>Modalidad:<\/strong>&nbsp;Presencial<\/p>\n\n\n\n<p><strong>Duraci\u00f3n:<\/strong>&nbsp;390 horas<\/p>\n\n\n\n<p><strong>Precio:<\/strong>&nbsp;Gratuito<\/p>\n\n<\/div><\/details><\/div><\/div>\n\n\n\n<div class=\"wp-block-column is-layout-flow wp-block-column-is-layout-flow\" style=\"flex-basis:33.34%\"><div class=\"lightweight-accordion\"><details><summary class=\"lightweight-accordion-title\"><span>Datos b\u00e1sicos<\/span><\/summary><div class=\"lightweight-accordion-body\">\n\n<p><strong>Plazo de matriculaci\u00f3n:<\/strong>&nbsp;ABIERTO<\/p>\n\n\n\n<p><strong>PR\u00d3XIMO INICIO<\/strong><\/p>\n\n\n\n<p><strong>Modalidad:<\/strong>&nbsp;Presencial<\/p>\n\n\n\n<p><strong>Duraci\u00f3n:<\/strong>&nbsp;440 horas<\/p>\n\n\n\n<p><strong>Precio:<\/strong>&nbsp;Gratuito<\/p>\n\n<\/div><\/details><\/div><\/div>\n\n\n\n<div class=\"wp-block-column is-layout-flow wp-block-column-is-layout-flow\" style=\"flex-basis:33.33%\"><div class=\"lightweight-accordion\"><details><summary class=\"lightweight-accordion-title\"><span>Datos b\u00e1sicos<\/span><\/summary><div class=\"lightweight-accordion-body\">\n\n<p><strong>Plazo de matriculaci\u00f3n:<\/strong>&nbsp;ABIERTO<\/p>\n\n\n\n<p><strong>PR\u00d3XIMO INICIO<\/strong><\/p>\n\n\n\n<p><strong>Modalidad:<\/strong>&nbsp;Presencial<\/p>\n\n\n\n<p><strong>Duraci\u00f3n:<\/strong>&nbsp;705 horas<\/p>\n\n\n\n<p><strong>Precio:<\/strong>&nbsp;Gratuito<\/p>\n\n<\/div><\/details><\/div><\/div>\n<\/div>\n\n\n\n<div class=\"wp-block-columns is-layout-flex wp-container-core-columns-is-layout-6 wp-block-columns-is-layout-flex\">\n<div class=\"wp-block-column is-layout-flow wp-block-column-is-layout-flow\" style=\"flex-basis:33.34%\"><div class=\"lightweight-accordion\"><details><summary class=\"lightweight-accordion-title\"><span>Objetivos<\/span><\/summary><div class=\"lightweight-accordion-body\">\n\n<p>Programar, impartir, tutorizar y evaluar acciones formativas del subsistema de formaci\u00f3n profesional para el empleo, elaborando y utilizando materiales, medios y recursos did\u00e1cticos, orientando sobre los itinerarios formativos y salidas profesionales que ofrece el mercado laboral en su especialidad, promoviendo de forma permanente la calidad de la formaci\u00f3n y la actualizaci\u00f3n did\u00e1ctica.<\/p>\n\n<\/div><\/details><\/div><\/div>\n\n\n\n<div class=\"wp-block-column is-layout-flow wp-block-column-is-layout-flow\" style=\"flex-basis:33.34%\"><div class=\"lightweight-accordion\"><details><summary class=\"lightweight-accordion-title\"><span>Objetivos<\/span><\/summary><div class=\"lightweight-accordion-body\">\n\n<p>Distribuir, reproducir y transmitir la informaci\u00f3n y documentaci\u00f3n requeridas en las tareas administrativas y de gesti\u00f3n, internas y externas, as\u00ed como realizar tr\u00e1mites<br>elementales de verificaci\u00f3n de datos y documentos a requerimiento de t\u00e9cnicos de nivel superior con eficacia, de acuerdo con instrucciones o procedimientos establecidos.<\/p>\n\n<\/div><\/details><\/div><\/div>\n\n\n\n<div class=\"wp-block-column is-layout-flow wp-block-column-is-layout-flow\" style=\"flex-basis:33.33%\"><div class=\"lightweight-accordion\"><details><summary class=\"lightweight-accordion-title\"><span>Objetivos<\/span><\/summary><div class=\"lightweight-accordion-body\">\n\n<p>Distribuir, reproducir y transmitir la informaci\u00f3n y documentaci\u00f3n requeridas en las tareas administrativas y de gesti\u00f3n, internas y externas, as\u00ed como realizar tr\u00e1mites<br>elementales de verificaci\u00f3n de datos y documentos a requerimiento de t\u00e9cnicos de nivel superior con eficacia, de acuerdo con instrucciones o procedimientos establecidos.<\/p>\n\n<\/div><\/details><\/div><\/div>\n<\/div>\n\n\n\n<div class=\"wp-block-columns is-layout-flex wp-container-core-columns-is-layout-7 wp-block-columns-is-layout-flex\">\n<div class=\"wp-block-column is-layout-flow wp-block-column-is-layout-flow\" style=\"flex-basis:33.34%\"><div class=\"lightweight-accordion\"><details><summary class=\"lightweight-accordion-title\"><span>Contenidos<\/span><\/summary><div class=\"lightweight-accordion-body\">\n\n<p><strong>1.<\/strong> MF1442_3: Programaci\u00f3n did\u00e1ctica de acciones formativas para el empleo (60 horas)<\/p>\n\n\n\n<p><strong>2.<\/strong> MF1443_3: Selecci\u00f3n, elaboraci\u00f3n, adaptaci\u00f3n y utilizaci\u00f3n de materiales (90 horas)<\/p>\n\n\n\n<p><strong>3.<\/strong> MF1444_3: Impartici\u00f3n y tutorizaci\u00f3n de acciones formativas para el empleo (100 horas)<\/p>\n\n\n\n<p><strong>4.<\/strong> MF1445_3: Evaluaci\u00f3n del proceso de ense\u00f1anza aprendizaje en formaci\u00f3n (60 horas)<\/p>\n\n\n\n<p><strong>5.<\/strong> MF1446_3: Orientaci\u00f3n laboral y promoci\u00f3n de la calidad de formaci\u00f3n (30 horas)<\/p>\n\n\n\n<p><strong>6. MP0353: M\u00f3dulo de pr\u00e1cticas no laborales (40 horas)<\/strong><\/p>\n\n\n\n<p><strong>Contenidos complementarios:<\/strong><\/p>\n\n\n\n<p>FCOO03: Inserci\u00f3n laboral, sensibilizaci\u00f3n medioambiental (10 horas)<\/p>\n\n<\/div><\/details><\/div><\/div>\n\n\n\n<div class=\"wp-block-column is-layout-flow wp-block-column-is-layout-flow\" style=\"flex-basis:33.34%\"><div class=\"lightweight-accordion\"><details><summary class=\"lightweight-accordion-title\"><span>Contenidos<\/span><\/summary><div class=\"lightweight-accordion-body\">\n\n<p><strong>1.<\/strong> MF0969_1: T\u00e9cnicas administrativas b\u00e1sicas de oficina (150 horas)<\/p>\n\n\n\n<p><strong>2.<\/strong> MF0970_1: Operaciones b\u00e1sicas de comunicaci\u00f3n &nbsp;(120 horas)<\/p>\n\n\n\n<p><strong>3.<\/strong> MF0971_1: Reproducci\u00f3n y archivo (120 horas)<\/p>\n\n\n\n<p><strong>4. MP0112: M\u00f3dulo de pr\u00e1cticas profesionales no laborales (40 horas)<\/strong><\/p>\n\n\n\n<p><strong>Contenidos complementarios:<\/strong><\/p>\n\n\n\n<p>FCOO03: Inserci\u00f3n laboral, sensibilizaci\u00f3n medioambiental (10 horas)<\/p>\n\n<\/div><\/details><\/div><\/div>\n\n\n\n<div class=\"wp-block-column is-layout-flow wp-block-column-is-layout-flow\" style=\"flex-basis:33.33%\"><div class=\"lightweight-accordion\"><details><summary class=\"lightweight-accordion-title\"><span>Contenidos<\/span><\/summary><div class=\"lightweight-accordion-body\">\n\n<p><strong>1.<\/strong> MF0969_1: T\u00e9cnicas administrativas b\u00e1sicas de oficina (150 horas)<\/p>\n\n\n\n<p><strong>2.<\/strong> MF0970_1: Operaciones b\u00e1sicas de comunicaci\u00f3n &nbsp;(120 horas)<\/p>\n\n\n\n<p><strong>3.<\/strong> MF0971_1: Reproducci\u00f3n y archivo (120 horas)<\/p>\n\n\n\n<p><strong>4. MP0112: M\u00f3dulo de pr\u00e1cticas profesionales no laborales (40 horas)<\/strong><\/p>\n\n\n\n<p><strong>Contenidos complementarios:<\/strong><\/p>\n\n\n\n<p>FCOO03: Inserci\u00f3n laboral, sensibilizaci\u00f3n medioambiental (10 horas)<\/p>\n\n\n\n<p>FCOE05 Alem\u00e1n para el turismo -transporte a\u00e9reo (90 horas)<\/p>\n\n\n\n<p>FCO102 Alfabetizaci\u00f3n Inform\u00e1tica: inform\u00e1tica e internet (25 horas)<\/p>\n\n\n\n<p>FCOO12 Competencias para el desarrollo de los RRRHH<\/p>\n\n<\/div><\/details><\/div><\/div>\n<\/div>\n\n\n\n<div class=\"wp-block-columns is-layout-flex wp-container-core-columns-is-layout-8 wp-block-columns-is-layout-flex\">\n<div class=\"wp-block-column is-layout-flow wp-block-column-is-layout-flow\" style=\"flex-basis:33.34%\"><div class=\"lightweight-accordion\"><details><summary class=\"lightweight-accordion-title\"><span>Requisitos de acceso<\/span><\/summary><div class=\"lightweight-accordion-body\">\n\n<ul class=\"wp-block-list\">\n<li>Estar inscrito en Labora<\/li>\n\n\n\n<li>T\u00edtulo de Bachiller.<\/li>\n\n\n\n<li>Certificado de profesionalidad de nivel 3.<\/li>\n\n\n\n<li>Certificado de profesionalidad de nivel 2 de la misma familia y \u00e1rea profesional.<\/li>\n\n\n\n<li>Cumplir el requisito acad\u00e9mico de acceso a los ciclos formativos de grado superior o bien haber superado las correspondientes pruebas de acceso a grado superior.<\/li>\n\n\n\n<li>Tener superada la prueba de acceso a la universidad para mayores de 25 a\u00f1os y\/o de 45 a\u00f1os.<\/li>\n\n\n\n<li>De no cumplir requisitos: solicitar al centro pruebas de competencias nivel 3<\/li>\n<\/ul>\n\n<\/div><\/details><\/div><\/div>\n\n\n\n<div class=\"wp-block-column is-layout-flow wp-block-column-is-layout-flow\" style=\"flex-basis:33.34%\"><div class=\"lightweight-accordion\"><details><summary class=\"lightweight-accordion-title\"><span>Requisitos de acceso<\/span><\/summary><div class=\"lightweight-accordion-body\">\n\n<ul class=\"wp-block-list\">\n<li>Estar inscrito en Labora.<\/li>\n<\/ul>\n\n<\/div><\/details><\/div><\/div>\n\n\n\n<div class=\"wp-block-column is-layout-flow wp-block-column-is-layout-flow\" style=\"flex-basis:33.33%\"><div class=\"lightweight-accordion\"><details><summary class=\"lightweight-accordion-title\"><span>Requisitos de acceso<\/span><\/summary><div class=\"lightweight-accordion-body\">\n\n<ul class=\"wp-block-list\">\n<li>Estar inscrito en Labora.<\/li>\n<\/ul>\n\n<\/div><\/details><\/div><\/div>\n<\/div>\n\n\n\n<div class=\"wp-block-columns is-layout-flex wp-container-core-columns-is-layout-10 wp-block-columns-is-layout-flex\">\n<div class=\"wp-block-column is-layout-flow wp-block-column-is-layout-flow\" style=\"flex-basis:33.34%\">\n<div class=\"wp-block-columns is-layout-flex wp-container-core-columns-is-layout-9 wp-block-columns-is-layout-flex\">\n<div class=\"wp-block-column is-layout-flow wp-block-column-is-layout-flow\" style=\"flex-basis:100%\">\n<div class=\"wp-block-buttons is-layout-flex wp-block-buttons-is-layout-flex\">\n<div class=\"wp-block-button is-style-fill\"><a class=\"wp-block-button__link has-black-color has-text-color has-background wp-element-button\" href=\"https:\/\/forms.gle\/Sus828HYbEdSWrmA6\" style=\"background-color:#8bbc19\" target=\"_blank\" rel=\"noreferrer noopener\"><strong>Pre-inscripci\u00f3n<\/strong><\/a><\/div>\n<\/div>\n<\/div>\n<\/div>\n<\/div>\n\n\n\n<div class=\"wp-block-column is-layout-flow wp-block-column-is-layout-flow\" style=\"flex-basis:33.34%\">\n<div class=\"wp-block-buttons is-layout-flex wp-block-buttons-is-layout-flex\">\n<div class=\"wp-block-button\"><a class=\"wp-block-button__link has-black-color has-text-color has-background wp-element-button\" href=\"https:\/\/forms.gle\/S4oqkzfETsNbgsLG9\" style=\"background-color:#8bbc19\" target=\"_blank\" rel=\"noreferrer noopener\"><strong>Pre-inscripci\u00f3n<\/strong><\/a><\/div>\n<\/div>\n<\/div>\n\n\n\n<div class=\"wp-block-column is-layout-flow wp-block-column-is-layout-flow\" style=\"flex-basis:33.33%\">\n<div class=\"wp-block-buttons is-layout-flex wp-block-buttons-is-layout-flex\">\n<div class=\"wp-block-button\"><a class=\"wp-block-button__link has-black-color has-text-color has-background wp-element-button\" href=\"https:\/\/forms.gle\/S4oqkzfETsNbgsLG9\" style=\"background-color:#8bbc19\" target=\"_blank\" rel=\"noreferrer noopener\"><strong>Pre-inscripci\u00f3n<\/strong><\/a><\/div>\n<\/div>\n<\/div>\n<\/div>\n<\/div>\n<\/div>\n<\/div><\/div>\n\n\n\n<hr class=\"wp-block-separator has-css-opacity\"\/>\n\n\n\n<div class=\"wp-block-group\"><div class=\"wp-block-group__inner-container is-layout-flow wp-block-group-is-layout-flow\">\n<div class=\"wp-block-columns is-layout-flex wp-container-core-columns-is-layout-12 wp-block-columns-is-layout-flex\">\n<div class=\"wp-block-column is-layout-flow wp-block-column-is-layout-flow\" style=\"flex-basis:100%\"><\/div>\n<\/div>\n<\/div><\/div>\n\n\n\n<p><\/p>\n","protected":false},"excerpt":{"rendered":"<p>Los certificados de profesionalidad son el instrumento de acreditaci\u00f3n oficial de las cualificaciones profesionales del Cat\u00e1logo Nacional de Cualificaciones Profesionales en el \u00e1mbito de la administraci\u00f3n laboral. Se ordenan en 26 familias profesionales y tres niveles de cualificaci\u00f3n. Cada certificado acredita el conjunto de competencias profesionales que capacitan para el desarrollo de una actividad laboral identificable en el sistema productivo, sin que ello constituya regulaci\u00f3n del ejercicio profesional. En sentido, cada certificado se corresponde con un perfil profesional estructurado en unidades de competencia. El certificado incluye la formaci\u00f3n asociada a dicho perfil, de manera que las unidades de competencia se asocian a m\u00f3dulos formativos, contempl\u00e1ndose tambi\u00e9n un M\u00f3dulo de Formaci\u00f3n Pr\u00e1ctica en Centros de Trabajo. Los certificados tienen car\u00e1cter oficial y validez en todo el territorio nacional y son expedidos por el SEPE y los \u00f3rganos competentes de las Comunidades Aut\u00f3nomas. Se obtienen a trav\u00e9s de dos v\u00edas: El Repertorio Nacional de Certificados de Profesionalidad es el conjunto de certificados&nbsp;<a href=\"https:\/\/www.adehon.org\/es\/certificados-de-profesionalidad-labora-2022-2023\/\" class=\"read-more\">Continuar Leyendo<\/a><\/p>\n","protected":false},"author":1,"featured_media":0,"parent":0,"menu_order":0,"comment_status":"closed","ping_status":"closed","template":"page-fullwidth.php","meta":{"footnotes":""},"class_list":["post-4025","page","type-page","status-publish","hentry"],"_links":{"self":[{"href":"https:\/\/www.adehon.org\/es\/wp-json\/wp\/v2\/pages\/4025","targetHints":{"allow":["GET"]}}],"collection":[{"href":"https:\/\/www.adehon.org\/es\/wp-json\/wp\/v2\/pages"}],"about":[{"href":"https:\/\/www.adehon.org\/es\/wp-json\/wp\/v2\/types\/page"}],"author":[{"embeddable":true,"href":"https:\/\/www.adehon.org\/es\/wp-json\/wp\/v2\/users\/1"}],"replies":[{"embeddable":true,"href":"https:\/\/www.adehon.org\/es\/wp-json\/wp\/v2\/comments?post=4025"}],"version-history":[{"count":18,"href":"https:\/\/www.adehon.org\/es\/wp-json\/wp\/v2\/pages\/4025\/revisions"}],"predecessor-version":[{"id":4173,"href":"https:\/\/www.adehon.org\/es\/wp-json\/wp\/v2\/pages\/4025\/revisions\/4173"}],"wp:attachment":[{"href":"https:\/\/www.adehon.org\/es\/wp-json\/wp\/v2\/media?parent=4025"}],"curies":[{"name":"wp","href":"https:\/\/api.w.org\/{rel}","templated":true}]}}