{"id":4212,"date":"2023-12-13T14:04:00","date_gmt":"2023-12-13T14:04:00","guid":{"rendered":"https:\/\/www.adehon.org\/es\/?page_id=4212"},"modified":"2025-09-23T14:24:59","modified_gmt":"2025-09-23T14:24:59","slug":"certificados-de-profesionalidad-labora-2023-2024","status":"publish","type":"page","link":"https:\/\/www.adehon.org\/es\/certificados-de-profesionalidad-labora-2023-2024\/","title":{"rendered":"CERTIFICADOS DE PROFESIONALIDAD &#8211; DESEMPLEADOS\/AS LABORA 2025\/2026"},"content":{"rendered":"\n<div class=\"wp-block-group\"><div class=\"wp-block-group__inner-container is-layout-flow wp-block-group-is-layout-flow\"><div class=\"wp-block-image is-resized\">\n<figure class=\"aligncenter size-large\"><a href=\"http:\/\/www.adehon.org\/es\/wp-content\/uploads\/2025\/09\/GVALaboraMinisterio-Educacion-VAL.png\"><img loading=\"lazy\" decoding=\"async\" width=\"1024\" height=\"170\" src=\"http:\/\/www.adehon.org\/es\/wp-content\/uploads\/2025\/09\/GVALaboraMinisterio-Educacion-VAL-1024x170.png\" alt=\"\" class=\"wp-image-4956\" srcset=\"https:\/\/www.adehon.org\/es\/wp-content\/uploads\/2025\/09\/GVALaboraMinisterio-Educacion-VAL-1024x170.png 1024w, https:\/\/www.adehon.org\/es\/wp-content\/uploads\/2025\/09\/GVALaboraMinisterio-Educacion-VAL-300x50.png 300w, https:\/\/www.adehon.org\/es\/wp-content\/uploads\/2025\/09\/GVALaboraMinisterio-Educacion-VAL-768x127.png 768w, https:\/\/www.adehon.org\/es\/wp-content\/uploads\/2025\/09\/GVALaboraMinisterio-Educacion-VAL-1536x254.png 1536w, https:\/\/www.adehon.org\/es\/wp-content\/uploads\/2025\/09\/GVALaboraMinisterio-Educacion-VAL.png 1811w\" sizes=\"auto, (max-width: 1024px) 100vw, 1024px\" \/><\/a><\/figure><\/div><\/div><\/div>\n\n\n\n<div class=\"wp-block-cover is-light has-custom-content-position is-position-bottom-center\"><span aria-hidden=\"true\" class=\"wp-block-cover__background has-white-background-color has-background-dim-70 has-background-dim\"><\/span><img loading=\"lazy\" decoding=\"async\" width=\"1920\" height=\"1288\" class=\"wp-block-cover__image-background wp-image-3493\" alt=\"\" src=\"https:\/\/www.adehon.org\/es\/wp-content\/uploads\/2020\/12\/notebook-336634_1920.jpg\" style=\"object-position:54% 48%\" data-object-fit=\"cover\" data-object-position=\"54% 48%\" srcset=\"https:\/\/www.adehon.org\/es\/wp-content\/uploads\/2020\/12\/notebook-336634_1920.jpg 1920w, https:\/\/www.adehon.org\/es\/wp-content\/uploads\/2020\/12\/notebook-336634_1920-300x201.jpg 300w, https:\/\/www.adehon.org\/es\/wp-content\/uploads\/2020\/12\/notebook-336634_1920-768x515.jpg 768w, https:\/\/www.adehon.org\/es\/wp-content\/uploads\/2020\/12\/notebook-336634_1920-1024x687.jpg 1024w\" sizes=\"auto, (max-width: 1920px) 100vw, 1920px\" \/><div class=\"wp-block-cover__inner-container is-layout-flow wp-block-cover-is-layout-flow\">\n<div class=\"wp-block-group\"><div class=\"wp-block-group__inner-container is-layout-flow wp-block-group-is-layout-flow\">\n<p class=\"has-x-large-font-size\"><strong>CURSOS GRATUITOS <\/strong><\/p>\n\n\n\n<p class=\"has-x-large-font-size\"><strong>CERTIFICADOS DE PROFESIONALIDAD <\/strong><\/p>\n\n\n\n<p class=\"has-x-large-font-size\"><strong>LABORA 2025\/2026<\/strong><\/p>\n<\/div><\/div>\n<\/div><\/div>\n\n\n\n<p class=\"has-text-align-left has-black-color has-text-color\"><strong>Los certificados de profesionalidad son el instrumento de acreditaci\u00f3n oficial de las cualificaciones profesionales del Cat\u00e1logo Nacional de Cualificaciones Profesionales en el \u00e1mbito de la administraci\u00f3n laboral. Se ordenan en 26 familias profesionales y tres niveles de cualificaci\u00f3n.<\/strong><\/p>\n\n\n\n<p>Cada certificado acredita el conjunto de competencias profesionales que capacitan para el desarrollo de una actividad laboral identificable en el sistema productivo, sin que ello constituya regulaci\u00f3n del ejercicio profesional.<\/p>\n\n\n\n<p>En sentido, cada certificado se corresponde con un perfil profesional estructurado en unidades de competencia. El certificado incluye la formaci\u00f3n asociada a dicho perfil, de manera que las unidades de competencia se asocian a m\u00f3dulos formativos, contempl\u00e1ndose tambi\u00e9n un M\u00f3dulo de Formaci\u00f3n Pr\u00e1ctica en Centros de Trabajo.<\/p>\n\n\n\n<p>Los certificados tienen car\u00e1cter oficial y validez en todo el territorio nacional y son expedidos por el SEPE y los \u00f3rganos competentes de las Comunidades Aut\u00f3nomas.<\/p>\n\n\n\n<p>Se obtienen a trav\u00e9s de dos v\u00edas:<\/p>\n\n\n\n<ul class=\"wp-block-list\">\n<li>Formaci\u00f3n formal: superando todos los m\u00f3dulos correspondientes al certificado.<br>Reconocimiento de la experiencia laboral o v\u00edas no formales de formaci\u00f3n: cuando se haya obtenido el reconocimiento y la acreditaci\u00f3n de todas las unidades de competencia que componen el certificado.<\/li>\n\n\n\n<li>A trav\u00e9s de la formaci\u00f3n en alternancia con el empleo, se pueden obtener los certificados de profesionalidad mediante los contratos para la formaci\u00f3n y el aprendizaje y la participaci\u00f3n en los programas de Escuelas Taller y Talleres de Empleo.<\/li>\n<\/ul>\n\n\n\n<p>El Repertorio Nacional de Certificados de Profesionalidad es el conjunto de certificados de profesionalidad ordenados sectorialmente en 26 familias profesionales y constituido por certificados de profesionalidad de nivel 1, nivel 2 y nivel 3.<\/p>\n\n\n\n<p>Listado de Certificados que vamos a impartir pr\u00f3ximamente:<\/p>\n\n\n\n<hr class=\"wp-block-separator has-css-opacity\"\/>\n\n\n\n<div class=\"wp-block-group\"><div class=\"wp-block-group__inner-container is-layout-flow wp-block-group-is-layout-flow\">\n<div class=\"wp-block-columns is-layout-flex wp-container-core-columns-is-layout-1 wp-block-columns-is-layout-flex\">\n<div class=\"wp-block-column is-layout-flow wp-block-column-is-layout-flow\">\n<h5 class=\"wp-block-heading has-text-align-left has-black-color has-text-color has-background has-small-font-size\" style=\"background-color:#8bbc19;letter-spacing:-0.2px\">ADGG0508: OPERACIONES DE GRABACI\u00d3N Y TRATAMIENTO DE DATOS Y DOCUMENTOS &#8211; NIVEL 1 <\/h5>\n\n\n<div class=\"lightweight-accordion\"><details><summary class=\"lightweight-accordion-title\"><span>Datos b\u00e1sicos<\/span><\/summary><div class=\"lightweight-accordion-body\">\n\n<p><strong>Plazo de matriculaci\u00f3n:<\/strong>&nbsp;ABIERTO<\/p>\n\n\n\n<p><strong>PR\u00d3XIMO INICIO<\/strong><\/p>\n\n\n\n<p><strong>Modalidad:<\/strong>&nbsp;Presencial<\/p>\n\n\n\n<p><strong>Duraci\u00f3n:<\/strong>&nbsp;880 horas<\/p>\n\n\n\n<p><strong>Horario: <\/strong>En planificaci\u00f3n<\/p>\n\n\n\n<p><strong>Precio:<\/strong>&nbsp;Gratuito<\/p>\n\n<\/div><\/details><\/div>\n\n<div class=\"lightweight-accordion\"><details><summary class=\"lightweight-accordion-title\"><span>Objetivos<\/span><\/summary><div class=\"lightweight-accordion-body\">\n\n<p>Realizar operaciones de grabaci\u00f3n de datos, as\u00ed como transcribir, reproducir y archivar la informaci\u00f3n y documentaci\u00f3n requeridas en las tareas administrativas y de gesti\u00f3n, de acuerdo con instrucciones, normativa y procedimientos establecidos, de forma coordinada y con criterios de calidad, productividad, seguridad y respeto al medio ambiente.<\/p>\n\n<\/div><\/details><\/div>\n\n<div class=\"lightweight-accordion\"><details><summary class=\"lightweight-accordion-title\"><span>Contenidos<\/span><\/summary><div class=\"lightweight-accordion-body\">\n\n<p><strong>1.<\/strong> MF0973_1: Grabaci\u00f3n de datos <\/p>\n\n\n\n<p><strong>2.<\/strong> MF0974_1: Tratamiento de datos, textos y documentaci\u00f3n <\/p>\n\n\n\n<p><strong>3.<\/strong> MF0974_1: Reproducci\u00f3n y archivo <\/p>\n\n\n\n<p><strong>4. Pr\u00e1cticas profesionales no laborales <\/strong><\/p>\n\n\n\n<p><strong>Contenidos complementarios:<\/strong><\/p>\n\n\n\n<p>FCOO03: Inserci\u00f3n laboral, sensibilizaci\u00f3n medioambiental (10 horas)<\/p>\n\n\n\n<p>CTRD0009: Polivalente en gesti\u00f3n inform\u00e1tica.<\/p>\n\n\n\n<p>CTRD0022: Ofim\u00e1tica: Aplicaciones inform\u00e1ticas de gesti\u00f3n<\/p>\n\n\n\n<p>FCOI01: Alfabetizaci\u00f3n inform\u00e1tica: Internet.<\/p>\n\n<\/div><\/details><\/div>\n\n<div class=\"lightweight-accordion\"><details><summary class=\"lightweight-accordion-title\"><span>Requisitos de acceso<\/span><\/summary><div class=\"lightweight-accordion-body\">\n\n<ul class=\"wp-block-list\">\n<li>Estar inscrito en Labora<\/li>\n<\/ul>\n\n<\/div><\/details><\/div>\n\n\n<div class=\"wp-block-buttons is-layout-flex wp-block-buttons-is-layout-flex\">\n<div class=\"wp-block-button is-style-fill\"><a class=\"wp-block-button__link has-black-color has-text-color has-background wp-element-button\" href=\"https:\/\/forms.office.com\/e\/jgcNdpE5YA\" style=\"background-color:#8bbc19\" target=\"_blank\" rel=\"noreferrer noopener\"><strong>Pre-inscripci\u00f3n<\/strong><\/a><\/div>\n<\/div>\n\n\n\n<div class=\"wp-block-buttons is-horizontal is-content-justification-left is-layout-flex wp-container-core-buttons-is-layout-2 wp-block-buttons-is-layout-flex\"><\/div>\n<\/div>\n\n\n\n<div class=\"wp-block-column is-layout-flow wp-block-column-is-layout-flow\">\n<h5 class=\"wp-block-heading has-text-align-left has-black-color has-text-color has-background has-small-font-size\" style=\"background-color:#8bbc19;letter-spacing:-0.2px\">ADGG0408: OPERACIONES AUXILIARES DE SERVICIOS ADMINISTRATIVOS Y GENERALES &#8211; NIVEL 1 <\/h5>\n\n\n<div class=\"lightweight-accordion\"><details><summary class=\"lightweight-accordion-title\"><span>Datos b\u00e1sicos<\/span><\/summary><div class=\"lightweight-accordion-body\">\n\n<p><strong>Plazo de matriculaci\u00f3n:<\/strong>&nbsp;ABIERTO<\/p>\n\n\n\n<p><strong>PR\u00d3XIMO INICIO<\/strong><\/p>\n\n\n\n<p><strong>Modalidad:<\/strong>&nbsp;Presencial<\/p>\n\n\n\n<p><strong>Duraci\u00f3n:<\/strong>&nbsp;725 horas<\/p>\n\n\n\n<p><strong>Horario: <\/strong>En planificaci\u00f3n<\/p>\n\n\n\n<p><strong>Precio:<\/strong>&nbsp;Gratuito<\/p>\n\n<\/div><\/details><\/div>\n\n<div class=\"lightweight-accordion\"><details><summary class=\"lightweight-accordion-title\"><span>Objetivos<\/span><\/summary><div class=\"lightweight-accordion-body\">\n\n<p>Distribuir, reproducir y transmitir la informaci\u00f3n y documentaci\u00f3n requeridas en las tareas administrativas y de gesti\u00f3n, internas y externas, as\u00ed como realizar tr\u00e1mites<br>elementales de verificaci\u00f3n de datos y documentos a requerimiento de t\u00e9cnicos de nivel superior con eficacia, de acuerdo con instrucciones o procedimientos establecidos.<\/p>\n\n<\/div><\/details><\/div>\n\n<div class=\"lightweight-accordion\"><details><summary class=\"lightweight-accordion-title\"><span>Contenidos<\/span><\/summary><div class=\"lightweight-accordion-body\">\n\n<p><strong>1.<\/strong> MF0969_1: T\u00e9cnicas administrativas b\u00e1sicas de oficina <\/p>\n\n\n\n<p><strong>2.<\/strong> MF0970_1: Operaciones b\u00e1sicas de comunicaci\u00f3n \u00a0<\/p>\n\n\n\n<p><strong>3.<\/strong> MF0971_1: Reproducci\u00f3n y archivo <\/p>\n\n\n\n<p><strong>4. Profesionales no laborales <\/strong><\/p>\n\n\n\n<p><strong>Contenidos complementarios:<\/strong><\/p>\n\n\n\n<p>CTRD0009_Polivalente en gesti\u00f3n inform\u00e1tica.<\/p>\n\n\n\n<p>CTRD0022_ Ofim\u00e1tica: aplicaciones inform\u00e1ticas de gesti\u00f3n.<\/p>\n\n\n\n<p>FCOI02_ Alfabetizaci\u00f3n inform\u00e1tica: inform\u00e1tica e internet.<\/p>\n\n\n\n<p>FCOO03 Inserci\u00f3n laboral, sensibilizaci\u00f3n medioambiental<\/p>\n\n<\/div><\/details><\/div>\n\n<div class=\"lightweight-accordion\"><details><summary class=\"lightweight-accordion-title\"><span>Requisitos de acceso<\/span><\/summary><div class=\"lightweight-accordion-body\">\n\n<ul class=\"wp-block-list\">\n<li>Estar inscrito en Labora.<\/li>\n<\/ul>\n\n<\/div><\/details><\/div>\n\n\n<div class=\"wp-block-buttons is-layout-flex wp-block-buttons-is-layout-flex\">\n<div class=\"wp-block-button is-style-fill\"><a class=\"wp-block-button__link has-black-color has-text-color has-background wp-element-button\" href=\"https:\/\/forms.office.com\/e\/jgcNdpE5YA\" style=\"background-color:#8bbc19\" target=\"_blank\" rel=\"noreferrer noopener\"><strong>Pre-inscripci\u00f3n<\/strong><\/a><\/div>\n<\/div>\n\n\n\n<div class=\"wp-block-buttons is-horizontal is-content-justification-left is-layout-flex wp-container-core-buttons-is-layout-4 wp-block-buttons-is-layout-flex\"><\/div>\n<\/div>\n\n\n\n<div class=\"wp-block-column is-layout-flow wp-block-column-is-layout-flow\">\n<h5 class=\"wp-block-heading has-black-color has-text-color has-background has-small-font-size\" style=\"background-color:#8bbc19\">ADGD0308: ACTIVIDADES DE GESTI\u00d3N ADMINISTRATIVA &#8211; NIVEL 2<\/h5>\n\n\n<div class=\"lightweight-accordion\"><details><summary class=\"lightweight-accordion-title\"><span>Datos b\u00e1sicos<\/span><\/summary><div class=\"lightweight-accordion-body\">\n\n<p><strong>Plazo de matriculaci\u00f3n:<\/strong>&nbsp;ABIERTO<\/p>\n\n\n\n<p><strong>PR\u00d3XIMO INICIO<\/strong><\/p>\n\n\n\n<p><strong>Modalidad:<\/strong>&nbsp;Presencial<\/p>\n\n\n\n<p><strong>Duraci\u00f3n:<\/strong>&nbsp;700 horas<\/p>\n\n\n\n<p><strong>Horario: <\/strong>En planificaci\u00f3n<\/p>\n\n\n\n<p><strong>Precio:<\/strong>&nbsp;Gratuito<\/p>\n\n<\/div><\/details><\/div>\n\n<div class=\"lightweight-accordion\"><details><summary class=\"lightweight-accordion-title\"><span>Objetivos<\/span><\/summary><div class=\"lightweight-accordion-body\">\n\n<p>Realizar las operaciones de la gesti\u00f3n administrativa de compraventa de productos y servicios, tesorer\u00eda y personal, as\u00ed como la introducci\u00f3n de registros contables predefinidos, previa obtenci\u00f3n y procesamiento y archivo de la informaci\u00f3n y documentaci\u00f3n necesaria mediante los soportes convencionales o inform\u00e1ticos adecuados, siguiendo instrucciones definidas, en condiciones de seguridad, respeto a la normativa vigente y atendiendo a criterios de calidad definidos por la organizaci\u00f3n.<\/p>\n\n<\/div><\/details><\/div>\n\n<div class=\"lightweight-accordion\"><details><summary class=\"lightweight-accordion-title\"><span>Contenidos<\/span><\/summary><div class=\"lightweight-accordion-body\">\n\n<p>1. MF0976_2: Operaciones administrativas comerciales <\/p>\n\n\n\n<p>2. MF0979_2: Gesti\u00f3n operativa de tesorer\u00eda <\/p>\n\n\n\n<p>3. MF0980_2: Gesti\u00f3n auxiliar de personal <\/p>\n\n\n\n<p>4. MF0981_2: Registros Contables <\/p>\n\n\n\n<p>5. MF0973_1: Grabaci\u00f3n de datos <\/p>\n\n\n\n<p>6. MF0978_2: Grabaci\u00f3n de archivos <\/p>\n\n\n\n<p>7. MF0233_2: Ofim\u00e1tica <\/p>\n\n\n\n<p><strong>Profesionales no laborales <\/strong><\/p>\n\n\n\n<p><strong>Contenidos complementarios:<\/strong><\/p>\n\n\n\n<p>FCOO03: Inserci\u00f3n laboral, sensibilizaci\u00f3n medioambiental (10 horas)<\/p>\n\n<\/div><\/details><\/div>\n\n<div class=\"lightweight-accordion\"><details><summary class=\"lightweight-accordion-title\"><span>Requisitos de acceso<\/span><\/summary><div class=\"lightweight-accordion-body\">\n\n<ul class=\"wp-block-list\">\n<li>Estar inscrito en Labora.<\/li>\n\n\n\n<li>Tener cursado el MF0233_2: Ofim\u00e1tica o el MF0973_1: Grabaci\u00f3n de datos.<\/li>\n<\/ul>\n\n\n\n<ul class=\"wp-block-list\">\n<li>T\u00edtulo de Graduado en Educaci\u00f3n Secundaria Obligatoria.<\/li>\n\n\n\n<li>Certificado de profesionalidad de nivel 2.<\/li>\n\n\n\n<li>Certificado de profesionalidad de nivel 1 de la misma familia y \u00e1rea profesional.<\/li>\n\n\n\n<li>Cumplir el requisito acad\u00e9mico de acceso a los ciclos formativos de grado medio o bien haber superado las correspondientes pruebas de acceso a grado medio.<\/li>\n\n\n\n<li>Tener superada la prueba de acceso a la universidad para mayores de 25 a\u00f1os y\/o de 45 a\u00f1os.<\/li>\n\n\n\n<li>De no cumplir requisitos: solicitar al centro pruebas de competencias nivel 2<\/li>\n<\/ul>\n\n<\/div><\/details><\/div>\n\n\n<div class=\"wp-block-buttons is-layout-flex wp-block-buttons-is-layout-flex\">\n<div class=\"wp-block-button\"><a class=\"wp-block-button__link has-black-color has-text-color has-background wp-element-button\" href=\"https:\/\/forms.office.com\/e\/jgcNdpE5YA\" style=\"background-color:#8bbc19\" target=\"_blank\" rel=\"noreferrer noopener\"><strong>Pre-inscripci\u00f3n<\/strong><\/a><\/div>\n<\/div>\n<\/div>\n<\/div>\n<\/div><\/div>\n\n\n\n<hr class=\"wp-block-separator has-css-opacity\"\/>\n\n\n\n<div class=\"wp-block-group\"><div class=\"wp-block-group__inner-container is-layout-flow wp-block-group-is-layout-flow\"><\/div><\/div>\n\n\n\n<hr class=\"wp-block-separator has-css-opacity\"\/>\n\n\n\n<div class=\"wp-block-group\"><div class=\"wp-block-group__inner-container is-layout-flow wp-block-group-is-layout-flow\">\n<div class=\"wp-block-columns is-layout-flex wp-container-core-columns-is-layout-2 wp-block-columns-is-layout-flex\"><\/div>\n<\/div><\/div>\n\n\n\n<div class=\"wp-block-group\"><div class=\"wp-block-group__inner-container is-layout-flow wp-block-group-is-layout-flow\"><\/div><\/div>\n\n\n\n<hr class=\"wp-block-separator has-css-opacity\"\/>\n\n\n\n<div class=\"wp-block-group\"><div class=\"wp-block-group__inner-container is-layout-flow wp-block-group-is-layout-flow\"><\/div><\/div>\n\n\n\n<p><\/p>\n","protected":false},"excerpt":{"rendered":"<p>Los certificados de profesionalidad son el instrumento de acreditaci\u00f3n oficial de las cualificaciones profesionales del Cat\u00e1logo Nacional de Cualificaciones Profesionales en el \u00e1mbito de la administraci\u00f3n laboral. Se ordenan en 26 familias profesionales y tres niveles de cualificaci\u00f3n. Cada certificado acredita el conjunto de competencias profesionales que capacitan para el desarrollo de una actividad laboral identificable en el sistema productivo, sin que ello constituya regulaci\u00f3n del ejercicio profesional. En sentido, cada certificado se corresponde con un perfil profesional estructurado en unidades de competencia. El certificado incluye la formaci\u00f3n asociada a dicho perfil, de manera que las unidades de competencia se asocian a m\u00f3dulos formativos, contempl\u00e1ndose tambi\u00e9n un M\u00f3dulo de Formaci\u00f3n Pr\u00e1ctica en Centros de Trabajo. Los certificados tienen car\u00e1cter oficial y validez en todo el territorio nacional y son expedidos por el SEPE y los \u00f3rganos competentes de las Comunidades Aut\u00f3nomas. Se obtienen a trav\u00e9s de dos v\u00edas: El Repertorio Nacional de Certificados de Profesionalidad es el conjunto de certificados&nbsp;<a href=\"https:\/\/www.adehon.org\/es\/certificados-de-profesionalidad-labora-2023-2024\/\" class=\"read-more\">Continuar Leyendo<\/a><\/p>\n","protected":false},"author":1,"featured_media":0,"parent":0,"menu_order":0,"comment_status":"closed","ping_status":"closed","template":"page-fullwidth.php","meta":{"footnotes":""},"class_list":["post-4212","page","type-page","status-publish","hentry"],"_links":{"self":[{"href":"https:\/\/www.adehon.org\/es\/wp-json\/wp\/v2\/pages\/4212","targetHints":{"allow":["GET"]}}],"collection":[{"href":"https:\/\/www.adehon.org\/es\/wp-json\/wp\/v2\/pages"}],"about":[{"href":"https:\/\/www.adehon.org\/es\/wp-json\/wp\/v2\/types\/page"}],"author":[{"embeddable":true,"href":"https:\/\/www.adehon.org\/es\/wp-json\/wp\/v2\/users\/1"}],"replies":[{"embeddable":true,"href":"https:\/\/www.adehon.org\/es\/wp-json\/wp\/v2\/comments?post=4212"}],"version-history":[{"count":18,"href":"https:\/\/www.adehon.org\/es\/wp-json\/wp\/v2\/pages\/4212\/revisions"}],"predecessor-version":[{"id":5024,"href":"https:\/\/www.adehon.org\/es\/wp-json\/wp\/v2\/pages\/4212\/revisions\/5024"}],"wp:attachment":[{"href":"https:\/\/www.adehon.org\/es\/wp-json\/wp\/v2\/media?parent=4212"}],"curies":[{"name":"wp","href":"https:\/\/api.w.org\/{rel}","templated":true}]}}