{"id":4651,"date":"2024-11-13T10:18:14","date_gmt":"2024-11-13T10:18:14","guid":{"rendered":"https:\/\/www.adehon.org\/es\/?page_id=4651"},"modified":"2025-09-18T10:52:35","modified_gmt":"2025-09-18T10:52:35","slug":"continua-ocupados-no-certificables-labora-2024-2025","status":"publish","type":"page","link":"https:\/\/www.adehon.org\/es\/continua-ocupados-no-certificables-labora-2024-2025\/","title":{"rendered":"CONTINUA \/ OCUPADOS -NO CERTIFICABLES           LABORA 2025\/2026"},"content":{"rendered":"\n<figure class=\"wp-block-image size-full\"><a href=\"https:\/\/www.adehon.org\/es\/wp-content\/uploads\/2025\/09\/GVALaboraMinisterio-TrabajoSEPE-ESP.png\"><img loading=\"lazy\" decoding=\"async\" width=\"2004\" height=\"300\" src=\"https:\/\/www.adehon.org\/es\/wp-content\/uploads\/2025\/09\/GVALaboraMinisterio-TrabajoSEPE-ESP.png\" alt=\"\" class=\"wp-image-4796\" srcset=\"https:\/\/www.adehon.org\/es\/wp-content\/uploads\/2025\/09\/GVALaboraMinisterio-TrabajoSEPE-ESP.png 2004w, https:\/\/www.adehon.org\/es\/wp-content\/uploads\/2025\/09\/GVALaboraMinisterio-TrabajoSEPE-ESP-300x45.png 300w, https:\/\/www.adehon.org\/es\/wp-content\/uploads\/2025\/09\/GVALaboraMinisterio-TrabajoSEPE-ESP-1024x153.png 1024w, https:\/\/www.adehon.org\/es\/wp-content\/uploads\/2025\/09\/GVALaboraMinisterio-TrabajoSEPE-ESP-768x115.png 768w, https:\/\/www.adehon.org\/es\/wp-content\/uploads\/2025\/09\/GVALaboraMinisterio-TrabajoSEPE-ESP-1536x230.png 1536w\" sizes=\"auto, (max-width: 2004px) 100vw, 2004px\" \/><\/a><\/figure>\n\n\n\n<div class=\"wp-block-columns is-layout-flex wp-container-core-columns-is-layout-1 wp-block-columns-is-layout-flex\">\n<div class=\"wp-block-column is-layout-flow wp-block-column-is-layout-flow\" style=\"flex-basis:100%\">\n<p class=\"has-x-large-font-size\"><\/p>\n\n\n\n<div class=\"wp-block-cover is-light has-white-color has-text-color has-link-color has-medium-font-size wp-elements-534e1029cb688e79350150f77b23d784 wp-duotone-unset-1\" style=\"font-style:normal;font-weight:500;min-height:384px;aspect-ratio:unset;\"><span aria-hidden=\"true\" class=\"wp-block-cover__background has-background-dim-0 has-background-dim\" style=\"background-color:#e0dad7\"><\/span><img loading=\"lazy\" decoding=\"async\" width=\"2560\" height=\"1707\" class=\"wp-block-cover__image-background wp-image-4812\" alt=\"\" src=\"https:\/\/www.adehon.org\/es\/wp-content\/uploads\/2025\/09\/cerrar-mano-escribiendo-en-la-vista-superior-del-cuaderno-1-scaled.jpg\" data-object-fit=\"cover\" srcset=\"https:\/\/www.adehon.org\/es\/wp-content\/uploads\/2025\/09\/cerrar-mano-escribiendo-en-la-vista-superior-del-cuaderno-1-scaled.jpg 2560w, https:\/\/www.adehon.org\/es\/wp-content\/uploads\/2025\/09\/cerrar-mano-escribiendo-en-la-vista-superior-del-cuaderno-1-300x200.jpg 300w, https:\/\/www.adehon.org\/es\/wp-content\/uploads\/2025\/09\/cerrar-mano-escribiendo-en-la-vista-superior-del-cuaderno-1-1024x683.jpg 1024w, https:\/\/www.adehon.org\/es\/wp-content\/uploads\/2025\/09\/cerrar-mano-escribiendo-en-la-vista-superior-del-cuaderno-1-768x512.jpg 768w, https:\/\/www.adehon.org\/es\/wp-content\/uploads\/2025\/09\/cerrar-mano-escribiendo-en-la-vista-superior-del-cuaderno-1-1536x1024.jpg 1536w, https:\/\/www.adehon.org\/es\/wp-content\/uploads\/2025\/09\/cerrar-mano-escribiendo-en-la-vista-superior-del-cuaderno-1-2048x1365.jpg 2048w\" sizes=\"auto, (max-width: 2560px) 100vw, 2560px\" \/><div class=\"wp-block-cover__inner-container is-layout-flow wp-block-cover-is-layout-flow\">\n<p class=\"has-text-align-center has-white-color has-text-color has-link-color wp-elements-125c889768cd53962e436eb26ad9c19c\" style=\"font-size:35px\"><mark style=\"background-color:rgba(0, 0, 0, 0)\" class=\"has-inline-color has-black-color\"><strong>CURSOS GRATUITOS CONTINUA\/OCUPADOS<\/strong><\/mark><\/p>\n\n\n\n<p class=\"has-text-align-center has-white-color has-text-color has-link-color wp-elements-f73099b0c3555c65df1fe4ffe6440261\" style=\"font-size:35px\"><div class=\"su-spacer\" style=\"height:5px\"><\/div>\n\n\n\n<p class=\"has-text-align-center has-white-color has-text-color has-link-color wp-elements-748233d94155e07cea6577b6ca7e7b9d\" style=\"font-size:35px\"><mark style=\"background-color:rgba(0, 0, 0, 0)\" class=\"has-inline-color has-black-color\"><strong>  LABORA 2025\/2026<\/strong><\/mark><\/p>\n<\/div><\/div>\n<\/div>\n<\/div>\n\n\n\n<p class=\"has-black-color has-text-color has-medium-font-size\" style=\"font-style:normal;font-weight:500\"><strong>RESOLUCI\u00d3N de <em>14 de abril de 2024<\/em>, del director general de LABORA Servicio Valenciano de Empleo y Formaci\u00f3n, por la que se aprueba la convocatoria de subvenciones para la realizaci\u00f3n de acciones formativas dirigidas prioritariamente a personas ocupadas con cargo al ejercicio presupuestario 2024.&nbsp;<\/strong><\/p>\n\n\n\n<blockquote class=\"wp-block-quote is-layout-flow wp-block-quote-is-layout-flow\">\n<h4 class=\"wp-block-heading\"><strong><br>Las personas interesadas deber\u00e1n solicitar su participaci\u00f3n en las acciones formativas (especialidades) ofertadas en los distintos programas de formaci\u00f3n, utilizando para ello el impreso de solicitud que podr\u00e1 obtenerse a trav\u00e9s de la p\u00e1gina web <a href=\"https:\/\/labora.gva.es\/documents\/166000883\/166175586\/FOR0123E_Planes_Solicitud_20240509.pdf\/0cb23f3e-3b29-49e6-807c-2087af1e976a\" data-type=\"link\" data-id=\"https:\/\/labora.gva.es\/va\/ciutadania\">www.labora.gva.es<\/a><\/strong><\/h4>\n\n\n\n<p><\/p>\n<\/blockquote>\n\n\n\n<div class=\"wp-block-buttons is-layout-flex wp-block-buttons-is-layout-flex\">\n<div class=\"wp-block-button is-style-outline is-style-outline--2\"><a class=\"wp-block-button__link has-white-color has-text-color has-background has-link-color wp-element-button\" style=\"border-radius:8px;background-color:#7db901\"><strong><mark style=\"background-color:rgba(0, 0, 0, 0)\" class=\"has-inline-color has-white-color\">A continuaci\u00f3n se muestra el listado de cursos y al hacer clic en \u00abM\u00e1s informaci\u00f3n\u00bb podr\u00e1s encontrar detalles adicionales y el formulario de inscripci\u00f3n.<\/mark><\/strong><\/a><\/div>\n<\/div>\n\n\n\n<h2 class=\"wp-block-heading\"><\/h2>\n\n\n\n<div class=\"wp-block-columns is-not-stacked-on-mobile is-layout-flex wp-container-core-columns-is-layout-2 wp-block-columns-is-layout-flex\">\n<div class=\"wp-block-column is-layout-flow wp-block-column-is-layout-flow\" style=\"flex-basis:100%\">\n<h2 class=\"course-title\">PHOTOSHOP B\u00c1SICO<\/h2>\n<div class=\"container\">\n<div class=\"course-list\">\n<div class=\"course-item\">\n<h2 class=\"course-title\"><a href=\"http:\/\/www.adehon.org\/es\/wp-content\/uploads\/2025\/09\/PHOTOSHOP-CUADRADO.png\"><img loading=\"lazy\" decoding=\"async\" class=\"alignnone wp-image-4748 size-medium\" src=\"http:\/\/www.adehon.org\/es\/wp-content\/uploads\/2025\/09\/PHOTOSHOP-CUADRADO-300x300.png\" alt=\"\" width=\"300\" height=\"300\" srcset=\"https:\/\/www.adehon.org\/es\/wp-content\/uploads\/2025\/09\/PHOTOSHOP-CUADRADO-300x300.png 300w, https:\/\/www.adehon.org\/es\/wp-content\/uploads\/2025\/09\/PHOTOSHOP-CUADRADO-1024x1024.png 1024w, https:\/\/www.adehon.org\/es\/wp-content\/uploads\/2025\/09\/PHOTOSHOP-CUADRADO-150x150.png 150w, https:\/\/www.adehon.org\/es\/wp-content\/uploads\/2025\/09\/PHOTOSHOP-CUADRADO-768x768.png 768w, https:\/\/www.adehon.org\/es\/wp-content\/uploads\/2025\/09\/PHOTOSHOP-CUADRADO.png 1080w\" sizes=\"auto, (max-width: 300px) 100vw, 300px\" \/><\/a><\/h2>\n<div class=\"course-content\">\n<h2 class=\"course-title\">\u00a0<\/h2>\n<ul>\n<li class=\"course-description\"><span style=\"color: #000000;\"><strong>Duraci\u00f3n: 100 horas<\/strong><\/span><\/li>\n<li><span style=\"color: #000000;\"><strong>Modalidad: Online<\/strong><\/span><\/li>\n<li><span style=\"color: #000000;\"><strong>Fechas: Pr\u00f3ximo inicio 2025\/2026<\/strong><\/span><\/li>\n<\/ul>\n<p><a class=\"course-link\" href=\"https:\/\/www.adehon.org\/es\/contabilidad-financiera\/\" target=\"_blank\" rel=\"noopener\">M\u00e1s informaci\u00f3n<\/a><\/p>\n<\/div>\n<\/div>\n<\/div>\n<\/div>\n<div><div class=\"su-spacer\" style=\"height:20px\"><\/div><\/div>\n<div>\n<h2>NUTRICI\u00d3N Y DIET\u00c9TICA<\/h2>\n<\/div>\n<div class=\"container\">\n<div class=\"course-list\">\n<div class=\"course-item\">\n<div class=\"course-content\">\n<h2 class=\"course-title\"><a href=\"http:\/\/www.adehon.org\/es\/wp-content\/uploads\/2025\/09\/NUTRICION.png\"><img loading=\"lazy\" decoding=\"async\" class=\"alignnone wp-image-4753 size-medium\" src=\"http:\/\/www.adehon.org\/es\/wp-content\/uploads\/2025\/09\/NUTRICION-300x300.png\" alt=\"\" width=\"300\" height=\"300\" srcset=\"https:\/\/www.adehon.org\/es\/wp-content\/uploads\/2025\/09\/NUTRICION-300x300.png 300w, https:\/\/www.adehon.org\/es\/wp-content\/uploads\/2025\/09\/NUTRICION-1024x1024.png 1024w, https:\/\/www.adehon.org\/es\/wp-content\/uploads\/2025\/09\/NUTRICION-150x150.png 150w, https:\/\/www.adehon.org\/es\/wp-content\/uploads\/2025\/09\/NUTRICION-768x768.png 768w, https:\/\/www.adehon.org\/es\/wp-content\/uploads\/2025\/09\/NUTRICION.png 1080w\" sizes=\"auto, (max-width: 300px) 100vw, 300px\" \/><\/a><\/h2>\n<h2>\u00a0<\/h2>\n<ul>\n<li class=\"course-description\"><span style=\"color: #000000;\"><strong>Duraci\u00f3n: 110 horas<\/strong><\/span><\/li>\n<li><span style=\"color: #000000;\"><strong>Modalidad: Online<\/strong><\/span><\/li>\n<li><span style=\"color: #000000;\"><strong>Fechas: Pr\u00f3ximo inicio 2025\/2026<\/strong><\/span><\/li>\n<\/ul>\n<p><a class=\"course-link\" href=\"https:\/\/www.adehon.org\/es\/nutricion-y-dietetica\/\" target=\"_blank\" rel=\"noopener\">M\u00e1s informaci\u00f3n<\/a><\/p>\n<div><div class=\"su-spacer\" style=\"height:20px\"><\/div><\/div>\n<div>\n<h2 class=\"course-title\">ORIENTACI\u00d3N SOCIOLABORAL AVANZADO<\/h2>\n<\/div>\n<div class=\"container\">\n<div class=\"course-list\">\n<div class=\"course-item\">\n<div class=\"course-content\">\n<h2 class=\"course-title\"><a href=\"http:\/\/www.adehon.org\/es\/wp-content\/uploads\/2025\/09\/ORIENTACION-SOCIOLABORAL.png\"><img loading=\"lazy\" decoding=\"async\" class=\"alignnone wp-image-4792 size-medium\" src=\"http:\/\/www.adehon.org\/es\/wp-content\/uploads\/2025\/09\/ORIENTACION-SOCIOLABORAL-300x251.png\" alt=\"\" width=\"300\" height=\"251\" srcset=\"https:\/\/www.adehon.org\/es\/wp-content\/uploads\/2025\/09\/ORIENTACION-SOCIOLABORAL-300x251.png 300w, https:\/\/www.adehon.org\/es\/wp-content\/uploads\/2025\/09\/ORIENTACION-SOCIOLABORAL-768x644.png 768w, https:\/\/www.adehon.org\/es\/wp-content\/uploads\/2025\/09\/ORIENTACION-SOCIOLABORAL.png 940w\" sizes=\"auto, (max-width: 300px) 100vw, 300px\" \/><\/a><\/h2>\n<h2 class=\"course-title\">\u00a0<\/h2>\n<ul>\n<li class=\"course-description\"><span style=\"color: #000000;\"><strong>Duraci\u00f3n: 115 horas<\/strong><\/span><\/li>\n<li><span style=\"color: #000000;\"><strong>Modalidad: Online<\/strong><\/span><\/li>\n<li><span style=\"color: #000000;\"><strong>Fechas: Pr\u00f3ximo inicio 2025\/2026<\/strong><\/span><\/li>\n<\/ul>\n<p><a class=\"course-link\" href=\"https:\/\/www.adehon.org\/es\/orientacion-sociolaboral-avanzado\/\" target=\"_blank\" rel=\"noopener\">M\u00e1s informaci\u00f3n<\/a><\/p>\n<div><div class=\"su-spacer\" style=\"height:20px\"><\/div><\/div>\n<div>\n<h2>GESTI\u00d3N DE COMUNIDADES VIRTUALES<\/h2>\n<\/div>\n<div class=\"container\">\n<div class=\"course-list\">\n<div class=\"course-item\">\n<div class=\"course-content\">\n<h2><a href=\"http:\/\/www.adehon.org\/es\/wp-content\/uploads\/2025\/09\/GESTION-COM-VIRT.png\"><img loading=\"lazy\" decoding=\"async\" class=\"alignnone wp-image-4799 size-medium\" src=\"http:\/\/www.adehon.org\/es\/wp-content\/uploads\/2025\/09\/GESTION-COM-VIRT-300x300.png\" alt=\"\" width=\"300\" height=\"300\" srcset=\"https:\/\/www.adehon.org\/es\/wp-content\/uploads\/2025\/09\/GESTION-COM-VIRT-300x300.png 300w, https:\/\/www.adehon.org\/es\/wp-content\/uploads\/2025\/09\/GESTION-COM-VIRT-1024x1024.png 1024w, https:\/\/www.adehon.org\/es\/wp-content\/uploads\/2025\/09\/GESTION-COM-VIRT-150x150.png 150w, https:\/\/www.adehon.org\/es\/wp-content\/uploads\/2025\/09\/GESTION-COM-VIRT-768x768.png 768w, https:\/\/www.adehon.org\/es\/wp-content\/uploads\/2025\/09\/GESTION-COM-VIRT.png 1080w\" sizes=\"auto, (max-width: 300px) 100vw, 300px\" \/><\/a><\/h2>\n<h2>\u00a0<\/h2>\n<ul>\n<li class=\"course-description\"><span style=\"color: #000000;\"><strong>Duraci\u00f3n: 100 horas<\/strong><\/span><\/li>\n<li><span style=\"color: #000000;\"><strong>Modalidad: Online<\/strong><\/span><\/li>\n<li><span style=\"color: #000000;\"><strong>Fechas: Pr\u00f3ximo inicio 2025\/2026<\/strong><\/span><\/li>\n<\/ul>\n<p><a class=\"course-link\" href=\"https:\/\/www.adehon.org\/es\/gestion-de-comunidades-virtuales-2\/\" target=\"_blank\" rel=\"noopener\">M\u00e1s informaci\u00f3n<\/a><\/p>\n<div style=\"text-align: left;\"><div class=\"su-spacer\" style=\"height:20px\"><\/div><\/div>\n<div>\n<h2 class=\"course-title\">OFIM\u00c1TICA EN LA NUBE: GOOGLE DRIVE<\/h2>\n<\/div>\n<div class=\"container\">\n<div class=\"course-list\">\n<div class=\"course-item\">\n<div class=\"course-content\">\n<h2 class=\"course-title\"><a href=\"http:\/\/www.adehon.org\/es\/wp-content\/uploads\/2025\/09\/OFIMATICA-EN-LA-NUBE.png\"><img loading=\"lazy\" decoding=\"async\" class=\"alignnone wp-image-4798 size-medium\" src=\"http:\/\/www.adehon.org\/es\/wp-content\/uploads\/2025\/09\/OFIMATICA-EN-LA-NUBE-298x300.png\" alt=\"\" width=\"298\" height=\"300\" srcset=\"https:\/\/www.adehon.org\/es\/wp-content\/uploads\/2025\/09\/OFIMATICA-EN-LA-NUBE-298x300.png 298w, https:\/\/www.adehon.org\/es\/wp-content\/uploads\/2025\/09\/OFIMATICA-EN-LA-NUBE-150x150.png 150w, https:\/\/www.adehon.org\/es\/wp-content\/uploads\/2025\/09\/OFIMATICA-EN-LA-NUBE.png 541w\" sizes=\"auto, (max-width: 298px) 100vw, 298px\" \/><\/a><\/h2>\n<h2 class=\"course-title\">\u00a0<\/h2>\n<ul>\n<li class=\"course-description\"><span style=\"color: #000000;\"><strong>Duraci\u00f3n: 100 Horas<\/strong><\/span><\/li>\n<li><span style=\"color: #000000;\"><strong>Modalidad: Online<\/strong><\/span><\/li>\n<li><span style=\"color: #000000;\"><strong>Fechas: Pr\u00f3ximo inicio 2025\/2026<\/strong><\/span><\/li>\n<\/ul>\n<p><a class=\"course-link\" href=\"https:\/\/www.adehon.org\/es\/ofimatica-en-la-nube\/\" target=\"_blank\" rel=\"noopener\">M\u00e1s informaci\u00f3n<\/a><\/p>\n<div><div class=\"su-spacer\" style=\"height:20px\"><\/div><\/div>\n<div>\n<div>\n<h2>INTELIGENCIA ARTIFICIAL<\/h2>\n<\/div>\n<div class=\"container\">\n<div class=\"course-list\">\n<div class=\"course-item\">\n<div class=\"course-content\">\n<h2><a href=\"http:\/\/www.adehon.org\/es\/wp-content\/uploads\/2025\/09\/IA.png\"><img loading=\"lazy\" decoding=\"async\" class=\"alignnone wp-image-4800 size-medium\" src=\"http:\/\/www.adehon.org\/es\/wp-content\/uploads\/2025\/09\/IA-300x251.png\" alt=\"\" width=\"300\" height=\"251\" srcset=\"https:\/\/www.adehon.org\/es\/wp-content\/uploads\/2025\/09\/IA-300x251.png 300w, https:\/\/www.adehon.org\/es\/wp-content\/uploads\/2025\/09\/IA-768x644.png 768w, https:\/\/www.adehon.org\/es\/wp-content\/uploads\/2025\/09\/IA.png 940w\" sizes=\"auto, (max-width: 300px) 100vw, 300px\" \/><\/a><\/h2>\n<h2>\u00a0<\/h2>\n<ul>\n<li class=\"course-description\"><span style=\"color: #000000;\"><strong>Duraci\u00f3n: 250 horas<\/strong><\/span><\/li>\n<li><span style=\"color: #000000;\"><strong>Modalidad: Online<\/strong><\/span><\/li>\n<li><span style=\"color: #000000;\"><strong>Fechas: Pr\u00f3ximamente 2025\/2026<\/strong><\/span><\/li>\n<\/ul>\n<p><a class=\"course-link\" href=\"https:\/\/www.adehon.org\/es\/inteligencia-artificial\/\" target=\"_blank\" rel=\"noopener\">M\u00e1s informaci\u00f3n<\/a><\/p>\n<div style=\"text-align: left;\"><div class=\"su-spacer\" style=\"height:20px\"><\/div><\/div>\n<\/div>\n<\/div>\n<\/div>\n<\/div>\n<div>\n<h2>MARKETING Y REPUTACI\u00d3N ONLINE<\/h2>\n<\/div>\n<div class=\"container\">\n<div class=\"course-list\">\n<div class=\"course-item\">\n<div class=\"course-content\">\n<h2><a href=\"http:\/\/www.adehon.org\/es\/wp-content\/uploads\/2025\/09\/MARKETING-REP-ONLINE.png\"><img loading=\"lazy\" decoding=\"async\" class=\"alignnone wp-image-4802 size-medium\" src=\"http:\/\/www.adehon.org\/es\/wp-content\/uploads\/2025\/09\/MARKETING-REP-ONLINE-300x251.png\" alt=\"\" width=\"300\" height=\"251\" srcset=\"https:\/\/www.adehon.org\/es\/wp-content\/uploads\/2025\/09\/MARKETING-REP-ONLINE-300x251.png 300w, https:\/\/www.adehon.org\/es\/wp-content\/uploads\/2025\/09\/MARKETING-REP-ONLINE-768x644.png 768w, https:\/\/www.adehon.org\/es\/wp-content\/uploads\/2025\/09\/MARKETING-REP-ONLINE.png 940w\" sizes=\"auto, (max-width: 300px) 100vw, 300px\" \/><\/a><\/h2>\n<h2>\u00a0<\/h2>\n<ul>\n<li class=\"course-description\"><span style=\"color: #000000;\"><strong>Duraci\u00f3n: 180 horas<\/strong><\/span><\/li>\n<li><span style=\"color: #000000;\"><strong>Modalidad: Online<\/strong><\/span><\/li>\n<li><span style=\"color: #000000;\"><strong>Fechas: Pr\u00f3ximamente 2025\/2026<\/strong><\/span><\/li>\n<\/ul>\n<p><a class=\"course-link\" href=\"https:\/\/www.adehon.org\/es\/marketing-y-reputacion-online\/\" target=\"_blank\" rel=\"noopener\">M\u00e1s informaci\u00f3n<\/a><\/p>\n<div style=\"text-align: left;\"><div class=\"su-spacer\" style=\"height:20px\"><\/div><\/div>\n<\/div>\n<\/div>\n<\/div>\n<\/div>\n<h2 class=\"course-title\">SSCG027PO &#8211; ACTUACIONES FRENTE AL ACOSO SEXUAL<\/h2>\n<\/div>\n<div class=\"container\">\n<div class=\"course-list\">\n<div class=\"course-item\">\n<div class=\"course-content\">\n<h2 class=\"course-title\"><a href=\"http:\/\/www.adehon.org\/es\/wp-content\/uploads\/2025\/09\/ACOSO-SEXUAL.png\"><img loading=\"lazy\" decoding=\"async\" class=\"alignnone wp-image-4803 size-medium\" src=\"http:\/\/www.adehon.org\/es\/wp-content\/uploads\/2025\/09\/ACOSO-SEXUAL-300x300.png\" alt=\"\" width=\"300\" height=\"300\" srcset=\"https:\/\/www.adehon.org\/es\/wp-content\/uploads\/2025\/09\/ACOSO-SEXUAL-300x300.png 300w, https:\/\/www.adehon.org\/es\/wp-content\/uploads\/2025\/09\/ACOSO-SEXUAL-1024x1024.png 1024w, https:\/\/www.adehon.org\/es\/wp-content\/uploads\/2025\/09\/ACOSO-SEXUAL-150x150.png 150w, https:\/\/www.adehon.org\/es\/wp-content\/uploads\/2025\/09\/ACOSO-SEXUAL-768x768.png 768w, https:\/\/www.adehon.org\/es\/wp-content\/uploads\/2025\/09\/ACOSO-SEXUAL.png 1080w\" sizes=\"auto, (max-width: 300px) 100vw, 300px\" \/><\/a><\/h2>\n<h2 class=\"course-title\">\u00a0<\/h2>\n<ul>\n<li class=\"course-description\"><span style=\"color: #000000;\"><strong>Duraci\u00f3n: 12 horas<\/strong><\/span><\/li>\n<li><span style=\"color: #000000;\"><strong>Modalidad: Presenciales<\/strong><\/span><\/li>\n<li><span style=\"color: #000000;\"><strong>Fechas: Pr\u00f3ximo inicio 2025\/2026<\/strong><\/span><\/li>\n<\/ul>\n<p><a class=\"course-link\" href=\"https:\/\/www.adehon.org\/es\/actuaciones-frente-al-acoso-sexual\/\" target=\"_blank\" rel=\"noopener\">M\u00e1s informaci\u00f3n<\/a><\/p>\n<div><div class=\"su-spacer\" style=\"height:20px\"><\/div><\/div>\n<div class=\"container\">\n<div class=\"course-list\">\n<div class=\"course-item\">\n<div class=\"course-content\">\n<div class=\"container\">\n<div>\n<h2 class=\"course-title\">FCOI01 &#8211; ALFABETIZACI\u00d3N INFORM\u00c1TICA: INTERNET<\/h2>\n<\/div>\n<div class=\"container\">\n<div class=\"course-list\">\n<div class=\"course-item\">\n<div class=\"course-content\">\n<h2 class=\"course-title\"><a href=\"http:\/\/www.adehon.org\/es\/wp-content\/uploads\/2025\/09\/ALFABETIZACION-INFORMATICA.png\"><img loading=\"lazy\" decoding=\"async\" class=\"alignnone wp-image-4804 size-medium\" src=\"http:\/\/www.adehon.org\/es\/wp-content\/uploads\/2025\/09\/ALFABETIZACION-INFORMATICA-300x300.png\" alt=\"\" width=\"300\" height=\"300\" srcset=\"https:\/\/www.adehon.org\/es\/wp-content\/uploads\/2025\/09\/ALFABETIZACION-INFORMATICA-300x300.png 300w, https:\/\/www.adehon.org\/es\/wp-content\/uploads\/2025\/09\/ALFABETIZACION-INFORMATICA-1024x1024.png 1024w, https:\/\/www.adehon.org\/es\/wp-content\/uploads\/2025\/09\/ALFABETIZACION-INFORMATICA-150x150.png 150w, https:\/\/www.adehon.org\/es\/wp-content\/uploads\/2025\/09\/ALFABETIZACION-INFORMATICA-768x768.png 768w, https:\/\/www.adehon.org\/es\/wp-content\/uploads\/2025\/09\/ALFABETIZACION-INFORMATICA.png 1080w\" sizes=\"auto, (max-width: 300px) 100vw, 300px\" \/><\/a><\/h2>\n<h2 class=\"course-title\">\u00a0<\/h2>\n<ul>\n<li class=\"course-description\"><span style=\"color: #000000;\"><strong>Duraci\u00f3n: 10 horas<\/strong><\/span><\/li>\n<li><span style=\"color: #000000;\"><strong>Modalidad: Presenciales<\/strong><\/span><\/li>\n<li><span style=\"color: #000000;\"><strong>Fechas: Pr\u00f3ximo inicio 2025\/2026<\/strong><\/span><\/li>\n<\/ul>\n<p><a class=\"course-link\" href=\"https:\/\/www.adehon.org\/es\/alfabetizacion-informatica-internet-2\/\" target=\"_blank\" rel=\"noopener\">M\u00e1s informaci\u00f3n<\/a><\/p>\n<div><div class=\"su-spacer\" style=\"height:20px\"><\/div><\/div>\n<div>\n<h2 class=\"course-title\">MANIPULADOR DE ALIMENTOS<\/h2>\n<\/div>\n<div class=\"container\">\n<div class=\"course-list\">\n<div class=\"course-item\">\n<div class=\"course-content\">\n<h2 class=\"course-title\"><a href=\"http:\/\/www.adehon.org\/es\/wp-content\/uploads\/2025\/09\/MANIPULADOR-DE-ALIMENTOS.png\"><img loading=\"lazy\" decoding=\"async\" class=\"alignnone wp-image-4805 size-medium\" src=\"http:\/\/www.adehon.org\/es\/wp-content\/uploads\/2025\/09\/MANIPULADOR-DE-ALIMENTOS-300x300.png\" alt=\"\" width=\"300\" height=\"300\" srcset=\"https:\/\/www.adehon.org\/es\/wp-content\/uploads\/2025\/09\/MANIPULADOR-DE-ALIMENTOS-300x300.png 300w, https:\/\/www.adehon.org\/es\/wp-content\/uploads\/2025\/09\/MANIPULADOR-DE-ALIMENTOS-1024x1024.png 1024w, https:\/\/www.adehon.org\/es\/wp-content\/uploads\/2025\/09\/MANIPULADOR-DE-ALIMENTOS-150x150.png 150w, https:\/\/www.adehon.org\/es\/wp-content\/uploads\/2025\/09\/MANIPULADOR-DE-ALIMENTOS-768x768.png 768w, https:\/\/www.adehon.org\/es\/wp-content\/uploads\/2025\/09\/MANIPULADOR-DE-ALIMENTOS.png 1080w\" sizes=\"auto, (max-width: 300px) 100vw, 300px\" \/><\/a><\/h2>\n<h2 class=\"course-title\">\u00a0<\/h2>\n<ul>\n<li class=\"course-description\"><span style=\"color: #000000;\"><strong>Duraci\u00f3n: 10 horas<\/strong><\/span><\/li>\n<li><span style=\"color: #000000;\"><strong>Modalidad: Presenciales<\/strong><\/span><\/li>\n<li><span style=\"color: #000000;\"><strong>Fechas: Pr\u00f3ximo inicio 2025\/2026<\/strong><\/span><\/li>\n<\/ul>\n<p><a class=\"course-link\" href=\"https:\/\/www.adehon.org\/es\/manipulador-de-alimentos-2\/\" target=\"_blank\" rel=\"noopener\">M\u00e1s informaci\u00f3n<\/a><\/p>\n<div><div class=\"su-spacer\" style=\"height:20px\"><\/div><\/div>\n<div class=\"container\">\n<div class=\"course-list\">\n<div class=\"course-item\">\n<div class=\"course-content\">\n<div class=\"container\">\n<div>\u00a0<\/div>\n<div class=\"container\">\n<div class=\"course-list\">\n<div class=\"course-item\">\n<div class=\"course-content\">\n<div class=\"container\">\n<div class=\"course-list\">\n<div class=\"course-item\">\n<div class=\"course-content\">\n<div class=\"container\">\n<div class=\"course-list\">\n<div class=\"course-item\">\n<div class=\"course-content\">\n<div class=\"container\">\n<div class=\"course-list\">\n<div class=\"course-item\">\n<div class=\"course-content\">\n<div class=\"container\">\n<div class=\"course-list\">\n<div class=\"course-item\">\n<div class=\"course-content\">\n<div class=\"container\">\n<div class=\"course-list\">\n<div class=\"course-item\">\n<div class=\"course-content\">\n<div class=\"container\">\n<div class=\"course-list\">\n<div class=\"course-item\">\n<div class=\"course-content\">\n<div class=\"container\">\n<div class=\"course-list\">\n<div class=\"course-item\">\n<div class=\"course-content\">\n<div class=\"container\">\n<div class=\"course-list\">\n<div class=\"course-item\">\n<div class=\"course-content\">\n<div class=\"container\">\n<div class=\"course-list\">\n<div class=\"course-item\">\n<div class=\"course-content\">\n<div class=\"container\">\n<div class=\"course-list\">\n<div class=\"course-item\">\n<div class=\"course-content\">\n<div class=\"container\">\n<div class=\"course-list\">\n<div class=\"course-item\">\n<div class=\"course-content\">\n<div class=\"container\">\n<div class=\"course-list\">\n<div class=\"course-item\">\n<div class=\"course-content\">\n<div class=\"container\">\n<div class=\"course-list\">\n<div class=\"course-item\">\n<div class=\"course-content\">\n<div class=\"container\">\n<div class=\"course-list\">\n<div class=\"course-item\">\n<div class=\"course-content\">\n<div>\n<h2 class=\"course-title\">ESCUCHA ACTIVA, EMPATIA Y ASERTIVIDAD<\/h2>\n<\/div>\n<div class=\"container\">\n<div class=\"course-list\">\n<div class=\"course-item\">\n<div class=\"course-content\">\n<h2 class=\"course-title\"><a href=\"http:\/\/www.adehon.org\/es\/wp-content\/uploads\/2025\/09\/ESCUCH-ACTIVA.jpg\"><img loading=\"lazy\" decoding=\"async\" class=\"alignnone wp-image-4808 size-medium\" src=\"http:\/\/www.adehon.org\/es\/wp-content\/uploads\/2025\/09\/ESCUCH-ACTIVA-300x300.jpg\" alt=\"\" width=\"300\" height=\"300\" srcset=\"https:\/\/www.adehon.org\/es\/wp-content\/uploads\/2025\/09\/ESCUCH-ACTIVA-300x300.jpg 300w, https:\/\/www.adehon.org\/es\/wp-content\/uploads\/2025\/09\/ESCUCH-ACTIVA-1024x1024.jpg 1024w, https:\/\/www.adehon.org\/es\/wp-content\/uploads\/2025\/09\/ESCUCH-ACTIVA-150x150.jpg 150w, https:\/\/www.adehon.org\/es\/wp-content\/uploads\/2025\/09\/ESCUCH-ACTIVA-768x768.jpg 768w, https:\/\/www.adehon.org\/es\/wp-content\/uploads\/2025\/09\/ESCUCH-ACTIVA.jpg 1080w\" sizes=\"auto, (max-width: 300px) 100vw, 300px\" \/><\/a><\/h2>\n<h2 class=\"course-title\">\u00a0<\/h2>\n<ul>\n<li class=\"course-description\"><span style=\"color: #000000;\"><strong>Duraci\u00f3n: 8 horas<\/strong><\/span><\/li>\n<li><span style=\"color: #000000;\"><strong>Modalidad: Presenciales<\/strong><\/span><\/li>\n<li><span style=\"color: #000000;\"><strong>Fechas: Pr\u00f3ximo inicio 2025\/2026<\/strong><\/span><\/li>\n<\/ul>\n<p><a class=\"course-link\" href=\"https:\/\/www.adehon.org\/es\/escucha-activa-empatia-y-asertividad-2\/\" target=\"_blank\" rel=\"noopener\">M\u00e1s informaci\u00f3n<\/a><\/p>\n<div><div class=\"su-spacer\" style=\"height:20px\"><\/div><\/div>\n<div>\u00a0<\/div>\n<\/div>\n<\/div>\n<div>\n<div>\n<h2 class=\"course-title\">DIFUSI\u00d3N Y SENSIBILIZACI\u00d3N EN VIOLENCIA DE G\u00c9NERO<\/h2>\n<\/div>\n<div class=\"container\">\n<div class=\"course-list\">\n<div class=\"course-item\">\n<div class=\"course-content\">\n<h2 class=\"course-title\"><a href=\"http:\/\/www.adehon.org\/es\/wp-content\/uploads\/2025\/09\/DUFUSION-Y-SENSI-CUADRADO.png\"><img loading=\"lazy\" decoding=\"async\" class=\"alignnone wp-image-4809 size-medium\" src=\"http:\/\/www.adehon.org\/es\/wp-content\/uploads\/2025\/09\/DUFUSION-Y-SENSI-CUADRADO-300x300.png\" alt=\"\" width=\"300\" height=\"300\" srcset=\"https:\/\/www.adehon.org\/es\/wp-content\/uploads\/2025\/09\/DUFUSION-Y-SENSI-CUADRADO-300x300.png 300w, https:\/\/www.adehon.org\/es\/wp-content\/uploads\/2025\/09\/DUFUSION-Y-SENSI-CUADRADO-1024x1024.png 1024w, https:\/\/www.adehon.org\/es\/wp-content\/uploads\/2025\/09\/DUFUSION-Y-SENSI-CUADRADO-150x150.png 150w, https:\/\/www.adehon.org\/es\/wp-content\/uploads\/2025\/09\/DUFUSION-Y-SENSI-CUADRADO-768x768.png 768w, https:\/\/www.adehon.org\/es\/wp-content\/uploads\/2025\/09\/DUFUSION-Y-SENSI-CUADRADO.png 1080w\" sizes=\"auto, (max-width: 300px) 100vw, 300px\" \/><\/a><\/h2>\n<h2 class=\"course-title\">\u00a0<\/h2>\n<ul>\n<li class=\"course-description\"><span style=\"color: #000000;\"><strong>Duraci\u00f3n: 12 horas<\/strong><\/span><\/li>\n<li><span style=\"color: #000000;\"><strong>Modalidad: Presenciales<\/strong><\/span><\/li>\n<li><span style=\"color: #000000;\"><strong>Fechas: Pr\u00f3ximo inicio 2025\/2026<\/strong><\/span><\/li>\n<\/ul>\n<p><a class=\"course-link\" href=\"https:\/\/www.adehon.org\/es\/difusion-y-sensibilizacion-en-violencia-de-genero\/\" target=\"_blank\" rel=\"noopener\">M\u00e1s informaci\u00f3n<\/a><\/p>\n<div><div class=\"su-spacer\" style=\"height:20px\"><\/div><\/div>\n<\/div>\n<\/div>\n<\/div>\n<\/div>\n<\/div>\n<div class=\"course-item\">\n<div class=\"course-content\">\n<div class=\"container\">\n<div class=\"course-list\">\n<div class=\"course-item\">\n<div class=\"course-content\">\n<div class=\"container\">\n<div>\n<div>\n<h2 class=\"course-title\">CONTRATACI\u00d3N LABORAL<\/h2>\n<\/div>\n<div class=\"container\">\n<div class=\"course-list\">\n<div class=\"course-item\">\n<div class=\"course-content\">\n<h2 class=\"course-title\"><a href=\"http:\/\/www.adehon.org\/es\/wp-content\/uploads\/2025\/09\/CONTRATACION-LABORAL-CUADRADO.png\"><img loading=\"lazy\" decoding=\"async\" class=\"alignnone wp-image-4810 size-medium\" src=\"http:\/\/www.adehon.org\/es\/wp-content\/uploads\/2025\/09\/CONTRATACION-LABORAL-CUADRADO-300x300.png\" alt=\"\" width=\"300\" height=\"300\" srcset=\"https:\/\/www.adehon.org\/es\/wp-content\/uploads\/2025\/09\/CONTRATACION-LABORAL-CUADRADO-300x300.png 300w, https:\/\/www.adehon.org\/es\/wp-content\/uploads\/2025\/09\/CONTRATACION-LABORAL-CUADRADO-1024x1024.png 1024w, https:\/\/www.adehon.org\/es\/wp-content\/uploads\/2025\/09\/CONTRATACION-LABORAL-CUADRADO-150x150.png 150w, https:\/\/www.adehon.org\/es\/wp-content\/uploads\/2025\/09\/CONTRATACION-LABORAL-CUADRADO-768x768.png 768w, https:\/\/www.adehon.org\/es\/wp-content\/uploads\/2025\/09\/CONTRATACION-LABORAL-CUADRADO.png 1080w\" sizes=\"auto, (max-width: 300px) 100vw, 300px\" \/><\/a><\/h2>\n<h2 class=\"course-title\">\u00a0<\/h2>\n<ul>\n<li class=\"course-description\"><span style=\"color: #000000;\"><strong>Duraci\u00f3n: 10 horas<\/strong><\/span><\/li>\n<li><span style=\"color: #000000;\"><strong>Modalidad: Presenciales<\/strong><\/span><\/li>\n<li><span style=\"color: #000000;\"><strong>Fechas: Pr\u00f3ximo inicio 2025\/2026<\/strong><\/span><\/li>\n<\/ul>\n<p><a class=\"course-link\" href=\"https:\/\/www.adehon.org\/es\/contratacion-laboral\/\" target=\"_blank\" rel=\"noopener\">M\u00e1s informaci\u00f3n<\/a><\/p>\n<div><div class=\"su-spacer\" style=\"height:20px\"><\/div><\/div>\n<\/div>\n<\/div>\n<\/div>\n<\/div>\n<div>\u00a0<\/div>\n<\/div>\n<\/div>\n<\/div>\n<\/div>\n<\/div>\n<\/div>\n<\/div>\n<\/div>\n<\/div>\n<\/div>\n<\/div>\n<\/div>\n<\/div>\n<\/div>\n<\/div>\n<\/div>\n<\/div>\n<\/div>\n<\/div>\n<\/div>\n<\/div>\n<\/div>\n<\/div>\n<\/div>\n<\/div>\n<\/div>\n<\/div>\n<\/div>\n<\/div>\n<\/div>\n<\/div>\n<\/div>\n<\/div>\n<\/div>\n<\/div>\n<\/div>\n<\/div>\n<\/div>\n<\/div>\n<\/div>\n<\/div>\n<\/div>\n<\/div>\n<\/div>\n<\/div>\n<\/div>\n<\/div>\n<\/div>\n<\/div>\n<\/div>\n<\/div>\n<\/div>\n<\/div>\n<\/div>\n<\/div>\n<\/div>\n<\/div>\n<\/div>\n<\/div>\n<\/div>\n<\/div>\n<\/div>\n<\/div>\n<\/div>\n<\/div>\n<\/div>\n<\/div>\n<\/div>\n<\/div>\n<\/div>\n<\/div>\n<\/div>\n<\/div>\n<\/div>\n<\/div>\n<\/div>\n<\/div>\n<\/div>\n<\/div>\n<\/div>\n<\/div>\n<\/div>\n<\/div>\n<\/div>\n<\/div>\n<\/div>\n<\/div>\n<\/div>\n<\/div>\n<\/div>\n<\/div>\n<\/div>\n<\/div>\n<\/div>\n<\/div>\n<\/div>\n<\/div>\n<\/div>\n<\/div>\n<\/div>\n<\/div>\n<\/div>\n<\/div>\n<\/div>\n<\/div>\n<\/div>\n<\/div>\n<\/div>\n<\/div>\n<\/div>\n\n\n\n<p><\/p>\n","protected":false},"excerpt":{"rendered":"<p>RESOLUCI\u00d3N de 14 de abril de 2024, del director general de LABORA Servicio Valenciano de Empleo y Formaci\u00f3n, por la que se aprueba la convocatoria de subvenciones para la realizaci\u00f3n de acciones formativas dirigidas prioritariamente a personas ocupadas con cargo al ejercicio presupuestario 2024.&nbsp; Las personas interesadas deber\u00e1n solicitar su participaci\u00f3n en las acciones formativas (especialidades) ofertadas en los distintos programas de formaci\u00f3n, utilizando para ello el impreso de solicitud que podr\u00e1 obtenerse a trav\u00e9s de la p\u00e1gina web www.labora.gva.es PHOTOSHOP B\u00c1SICO \u00a0 Duraci\u00f3n: 100 horas Modalidad: Online Fechas: Pr\u00f3ximo inicio 2025\/2026 M\u00e1s informaci\u00f3n NUTRICI\u00d3N Y DIET\u00c9TICA \u00a0 Duraci\u00f3n: 110 horas Modalidad: Online Fechas: Pr\u00f3ximo inicio 2025\/2026 M\u00e1s informaci\u00f3n ORIENTACI\u00d3N SOCIOLABORAL AVANZADO \u00a0 Duraci\u00f3n: 115 horas Modalidad: Online Fechas: Pr\u00f3ximo inicio 2025\/2026 M\u00e1s informaci\u00f3n GESTI\u00d3N DE COMUNIDADES VIRTUALES \u00a0 Duraci\u00f3n: 100 horas Modalidad: Online Fechas: Pr\u00f3ximo inicio 2025\/2026 M\u00e1s informaci\u00f3n OFIM\u00c1TICA EN LA NUBE: GOOGLE DRIVE \u00a0 Duraci\u00f3n: 100 Horas Modalidad: Online Fechas: Pr\u00f3ximo inicio 2025\/2026 M\u00e1s informaci\u00f3n INTELIGENCIA ARTIFICIAL&nbsp;<a href=\"https:\/\/www.adehon.org\/es\/continua-ocupados-no-certificables-labora-2024-2025\/\" class=\"read-more\">Continuar Leyendo<\/a><\/p>\n","protected":false},"author":1,"featured_media":0,"parent":0,"menu_order":0,"comment_status":"closed","ping_status":"closed","template":"page-fullwidth.php","meta":{"footnotes":""},"class_list":["post-4651","page","type-page","status-publish","hentry"],"_links":{"self":[{"href":"https:\/\/www.adehon.org\/es\/wp-json\/wp\/v2\/pages\/4651","targetHints":{"allow":["GET"]}}],"collection":[{"href":"https:\/\/www.adehon.org\/es\/wp-json\/wp\/v2\/pages"}],"about":[{"href":"https:\/\/www.adehon.org\/es\/wp-json\/wp\/v2\/types\/page"}],"author":[{"embeddable":true,"href":"https:\/\/www.adehon.org\/es\/wp-json\/wp\/v2\/users\/1"}],"replies":[{"embeddable":true,"href":"https:\/\/www.adehon.org\/es\/wp-json\/wp\/v2\/comments?post=4651"}],"version-history":[{"count":30,"href":"https:\/\/www.adehon.org\/es\/wp-json\/wp\/v2\/pages\/4651\/revisions"}],"predecessor-version":[{"id":4866,"href":"https:\/\/www.adehon.org\/es\/wp-json\/wp\/v2\/pages\/4651\/revisions\/4866"}],"wp:attachment":[{"href":"https:\/\/www.adehon.org\/es\/wp-json\/wp\/v2\/media?parent=4651"}],"curies":[{"name":"wp","href":"https:\/\/api.w.org\/{rel}","templated":true}]}}