{"id":4863,"date":"2025-09-18T10:47:12","date_gmt":"2025-09-18T10:47:12","guid":{"rendered":"https:\/\/www.adehon.org\/es\/?page_id=4863"},"modified":"2025-09-18T10:47:13","modified_gmt":"2025-09-18T10:47:13","slug":"contratacion-laboral","status":"publish","type":"page","link":"https:\/\/www.adehon.org\/es\/contratacion-laboral\/","title":{"rendered":"CONTRATACI\u00d3N LABORAL"},"content":{"rendered":"\n<figure class=\"wp-block-image size-large is-resized\"><a href=\"http:\/\/www.adehon.org\/es\/wp-content\/uploads\/2025\/09\/GVALaboraMinisterio-TrabajoSEPE-ESP-1.png\"><img loading=\"lazy\" decoding=\"async\" width=\"1024\" height=\"153\" src=\"http:\/\/www.adehon.org\/es\/wp-content\/uploads\/2025\/09\/GVALaboraMinisterio-TrabajoSEPE-ESP-1-1024x153.png\" alt=\"\" class=\"wp-image-4818\" style=\"width:839px;height:auto\" srcset=\"https:\/\/www.adehon.org\/es\/wp-content\/uploads\/2025\/09\/GVALaboraMinisterio-TrabajoSEPE-ESP-1-1024x153.png 1024w, https:\/\/www.adehon.org\/es\/wp-content\/uploads\/2025\/09\/GVALaboraMinisterio-TrabajoSEPE-ESP-1-300x45.png 300w, https:\/\/www.adehon.org\/es\/wp-content\/uploads\/2025\/09\/GVALaboraMinisterio-TrabajoSEPE-ESP-1-768x115.png 768w, https:\/\/www.adehon.org\/es\/wp-content\/uploads\/2025\/09\/GVALaboraMinisterio-TrabajoSEPE-ESP-1-1536x230.png 1536w, https:\/\/www.adehon.org\/es\/wp-content\/uploads\/2025\/09\/GVALaboraMinisterio-TrabajoSEPE-ESP-1.png 2004w\" sizes=\"auto, (max-width: 1024px) 100vw, 1024px\" \/><\/a><\/figure>\n\n\n\n<h2 class=\"wp-block-heading has-background\" style=\"background-color:#7db901\"><strong>CURSOS PRESENCIALES GRATUITOS&nbsp;LABORA 2025\/2026<\/strong><\/h2>\n\n\n\n<h3 class=\"wp-block-heading\">Informaci\u00f3n detallada del curso<\/h3>\n\n\n<h2>CONTRATACI\u00d3N LABORAL<\/h2>\n<h2><span style=\"color: revert; font-size: revert; font-weight: revert;\">10 horas<\/span><\/h2>\n<p class=\"course-details\"><span style=\"color: #000000; font-size: 18px;\"><div class=\"su-tabs su-tabs-style-default su-tabs-mobile-stack\" data-active=\"1\" data-scroll-offset=\"0\" data-anchor-in-url=\"no\"><div class=\"su-tabs-nav\"><span class=\"\" data-url=\"\" data-target=\"blank\" tabindex=\"0\" role=\"button\"><strong>DESCRIPCI\u00d3N<\/strong><\/span><span class=\"\" data-url=\"\" data-target=\"blank\" tabindex=\"0\" role=\"button\"><strong>CONTENIDO<\/strong><\/span><span class=\"\" data-url=\"\" data-target=\"blank\" tabindex=\"0\" role=\"button\"><strong>REQUISITOS DE ACCESO<\/strong><\/span><span class=\"\" data-url=\"\" data-target=\"blank\" tabindex=\"0\" role=\"button\"><strong>INSCRIPCI\u00d3N<\/strong><\/span><\/div><div class=\"su-tabs-panes\"><div class=\"su-tabs-pane su-u-clearfix su-u-trim\" data-title=\"&lt;strong&gt;DESCRIPCI\u00d3N&lt;\/strong&gt;\"><\/span><\/p>\n<h2><span style=\"color: revert; font-size: revert; font-weight: revert;\"><a href=\"http:\/\/www.adehon.org\/es\/wp-content\/uploads\/2025\/09\/CONTRATACION-LABORAL-CUADRADO.png\"><img loading=\"lazy\" decoding=\"async\" class=\"alignnone wp-image-4810 size-medium\" src=\"http:\/\/www.adehon.org\/es\/wp-content\/uploads\/2025\/09\/CONTRATACION-LABORAL-CUADRADO-300x300.png\" alt=\"\" width=\"300\" height=\"300\" srcset=\"https:\/\/www.adehon.org\/es\/wp-content\/uploads\/2025\/09\/CONTRATACION-LABORAL-CUADRADO-300x300.png 300w, https:\/\/www.adehon.org\/es\/wp-content\/uploads\/2025\/09\/CONTRATACION-LABORAL-CUADRADO-1024x1024.png 1024w, https:\/\/www.adehon.org\/es\/wp-content\/uploads\/2025\/09\/CONTRATACION-LABORAL-CUADRADO-150x150.png 150w, https:\/\/www.adehon.org\/es\/wp-content\/uploads\/2025\/09\/CONTRATACION-LABORAL-CUADRADO-768x768.png 768w, https:\/\/www.adehon.org\/es\/wp-content\/uploads\/2025\/09\/CONTRATACION-LABORAL-CUADRADO.png 1080w\" sizes=\"auto, (max-width: 300px) 100vw, 300px\" \/><\/a><\/span><\/h2>\n<p class=\"course-details\">Adquirir conocimientos en cuanto a tipolog\u00eda de contratos y plazos de realizaci\u00f3n y comunicaci\u00f3n a las distintas Administraciones.<\/p>\n<ul>\n<li><strong>Plazo de matriculaci\u00f3n:<\/strong> ABIERTO<\/li>\n<li><strong>Fechas:<\/strong> Pr\u00f3ximamente<\/li>\n<li><strong>Modalidad:<\/strong> Presencial<\/li>\n<li><span style=\"color: #000000;\"><strong>Precio:<\/strong> Gratuito<\/span><\/li>\n<\/ul>\n<p class=\"course-details\"><span style=\"color: #000000; font-size: 18px;\"><\/div>\n<div class=\"su-tabs-pane su-u-clearfix su-u-trim\" data-title=\"&lt;strong&gt;CONTENIDO&lt;\/strong&gt;\"><\/span><\/p>\n<ul>\n<li>TIPOS DE CONTRATOS<\/li>\n<li>MODIFICACIONES LABORALES<\/li>\n<li>BAJAS DE EMPRESA Y VENCIMIENTOS DE CONTRATO Y DE SOCIOS EN PERIODO DE PRUEBA.<\/li>\n<\/ul>\n<p class=\"course-details\"><span style=\"color: #000000;\"><\/div>\n<div class=\"su-tabs-pane su-u-clearfix su-u-trim\" data-title=\"&lt;strong&gt;REQUISITOS DE ACCESO&lt;\/strong&gt;\"><\/span><\/p>\n<p class=\"course-details\">a) Trabajador\/a<\/p>\n<p class=\"course-details\">b) Personas desempleadas, inscritas en LABORA como demandantes de EMPLEO<\/p>\n<ul>\n<li>Aquellas personas desempleadas que participen en cursos presenciales, recibir\u00e1n una beca por transporte de 1,5\u20ac por d\u00eda asistido, que se entregar\u00e1 al finalizar el curso.<\/li>\n<li>Aquellas personas desempleadas que tengan una minusval\u00eda del 33% o superior que participen en cursos presenciales, recibir\u00e1 una beca de 9\u20ac por d\u00eda asistido, m\u00e1s 1,5\u20ac por d\u00eda asistido, en concepto de transporte, que se entregar\u00e1 al finalizar el curso.<\/li>\n<\/ul>\n<p class=\"course-details\"><span style=\"color: #000000;\"><\/div>\n<div class=\"su-tabs-pane su-u-clearfix su-u-trim\" data-title=\"&lt;strong&gt;INSCRIPCI\u00d3N&lt;\/strong&gt;\"><\/span><\/p>\n<p class=\"course-details\"><a href=\"https:\/\/forms.office.com\/e\/BjpzkRpJCR\">INCR\u00cdBETE AQU\u00cd<\/a><\/p>\n<p class=\"course-details\"><span style=\"color: #000000;\"><\/div><\/div><\/div><\/span><\/p>\n\n\n<p><\/p>\n","protected":false},"excerpt":{"rendered":"<p>CURSOS PRESENCIALES GRATUITOS&nbsp;LABORA 2025\/2026 Informaci\u00f3n detallada del curso CONTRATACI\u00d3N LABORAL 10 horas<\/p>\n","protected":false},"author":1,"featured_media":0,"parent":0,"menu_order":0,"comment_status":"closed","ping_status":"closed","template":"page-fullwidth.php","meta":{"footnotes":""},"class_list":["post-4863","page","type-page","status-publish","hentry"],"_links":{"self":[{"href":"https:\/\/www.adehon.org\/es\/wp-json\/wp\/v2\/pages\/4863","targetHints":{"allow":["GET"]}}],"collection":[{"href":"https:\/\/www.adehon.org\/es\/wp-json\/wp\/v2\/pages"}],"about":[{"href":"https:\/\/www.adehon.org\/es\/wp-json\/wp\/v2\/types\/page"}],"author":[{"embeddable":true,"href":"https:\/\/www.adehon.org\/es\/wp-json\/wp\/v2\/users\/1"}],"replies":[{"embeddable":true,"href":"https:\/\/www.adehon.org\/es\/wp-json\/wp\/v2\/comments?post=4863"}],"version-history":[{"count":1,"href":"https:\/\/www.adehon.org\/es\/wp-json\/wp\/v2\/pages\/4863\/revisions"}],"predecessor-version":[{"id":4864,"href":"https:\/\/www.adehon.org\/es\/wp-json\/wp\/v2\/pages\/4863\/revisions\/4864"}],"wp:attachment":[{"href":"https:\/\/www.adehon.org\/es\/wp-json\/wp\/v2\/media?parent=4863"}],"curies":[{"name":"wp","href":"https:\/\/api.w.org\/{rel}","templated":true}]}}