{"id":4914,"date":"2025-09-19T10:48:49","date_gmt":"2025-09-19T10:48:49","guid":{"rendered":"https:\/\/www.adehon.org\/es\/?page_id=4914"},"modified":"2025-09-19T15:27:25","modified_gmt":"2025-09-19T15:27:25","slug":"mf0238_3-gestion-de-recursos-humanos","status":"publish","type":"page","link":"https:\/\/www.adehon.org\/es\/mf0238_3-gestion-de-recursos-humanos\/","title":{"rendered":"MF0238_3 GESTI\u00d3N DE RECURSOS HUMANOS"},"content":{"rendered":"\n<figure class=\"wp-block-image size-large is-resized\"><a href=\"http:\/\/www.adehon.org\/es\/wp-content\/uploads\/2025\/09\/GVALaboraMinisterio-Educacion-VAL.png\"><img loading=\"lazy\" decoding=\"async\" width=\"1024\" height=\"170\" src=\"http:\/\/www.adehon.org\/es\/wp-content\/uploads\/2025\/09\/GVALaboraMinisterio-Educacion-VAL-1024x170.png\" alt=\"\" class=\"wp-image-4956\" style=\"width:840px;height:auto\" srcset=\"https:\/\/www.adehon.org\/es\/wp-content\/uploads\/2025\/09\/GVALaboraMinisterio-Educacion-VAL-1024x170.png 1024w, https:\/\/www.adehon.org\/es\/wp-content\/uploads\/2025\/09\/GVALaboraMinisterio-Educacion-VAL-300x50.png 300w, https:\/\/www.adehon.org\/es\/wp-content\/uploads\/2025\/09\/GVALaboraMinisterio-Educacion-VAL-768x127.png 768w, https:\/\/www.adehon.org\/es\/wp-content\/uploads\/2025\/09\/GVALaboraMinisterio-Educacion-VAL-1536x254.png 1536w, https:\/\/www.adehon.org\/es\/wp-content\/uploads\/2025\/09\/GVALaboraMinisterio-Educacion-VAL.png 1811w\" sizes=\"auto, (max-width: 1024px) 100vw, 1024px\" \/><\/a><\/figure>\n\n\n\n<h2 class=\"wp-block-heading has-background\" style=\"background-color:#7db901\">CURSOS ONLINE GRATUITOS&nbsp;LABORA 2025\/2026<\/h2>\n\n\n\n<h3 class=\"wp-block-heading\">Informaci\u00f3n detallada del curso<\/h3>\n\n\n<h2 class=\"course-title\">MF0238_3\u00a0 &#8211; GESTI\u00d3N DE RECURSOS HUMANOS<\/h2>\n<h2><span style=\"color: revert; font-size: revert; font-weight: revert;\">150 horas<\/span><\/h2>\n<div class=\"container\">\n<div class=\"course-details\">\n<div class=\"course-info\">\n<p><span style=\"color: #000000; font-size: 18px;\"><div class=\"su-tabs su-tabs-style-default su-tabs-mobile-stack\" data-active=\"1\" data-scroll-offset=\"0\" data-anchor-in-url=\"no\"><div class=\"su-tabs-nav\"><span class=\"\" data-url=\"\" data-target=\"blank\" tabindex=\"0\" role=\"button\"><strong>DESCRIPCI\u00d3N<\/strong><\/span><span class=\"\" data-url=\"\" data-target=\"blank\" tabindex=\"0\" role=\"button\"><strong>CONTENIDO<\/strong><\/span><span class=\"\" data-url=\"\" data-target=\"blank\" tabindex=\"0\" role=\"button\"><strong>REQUISITOS DE ACCESO<\/strong><\/span><span class=\"\" data-url=\"\" data-target=\"blank\" tabindex=\"0\" role=\"button\"><strong>OCUPACIONES Y PUESTOS DE TRABAJO<\/strong><\/span><span class=\"\" data-url=\"\" data-target=\"blank\" tabindex=\"0\" role=\"button\"><strong>INSCRIPCI\u00d3N<\/strong><\/span><\/div><div class=\"su-tabs-panes\"><div class=\"su-tabs-pane su-u-clearfix su-u-trim\" data-title=\"&lt;strong&gt;DESCRIPCI\u00d3N&lt;\/strong&gt;\"><\/span><\/p>\n<h2><span style=\"color: revert; font-size: revert; font-weight: revert;\"><a href=\"http:\/\/www.adehon.org\/es\/wp-content\/uploads\/2025\/09\/Post-de-instagram-asesoria-firma-de-abogados-profesional-azul.png\"><img loading=\"lazy\" decoding=\"async\" class=\"alignnone wp-image-4969 size-medium\" src=\"http:\/\/www.adehon.org\/es\/wp-content\/uploads\/2025\/09\/Post-de-instagram-asesoria-firma-de-abogados-profesional-azul-300x300.png\" alt=\"\" width=\"300\" height=\"300\" srcset=\"https:\/\/www.adehon.org\/es\/wp-content\/uploads\/2025\/09\/Post-de-instagram-asesoria-firma-de-abogados-profesional-azul-300x300.png 300w, https:\/\/www.adehon.org\/es\/wp-content\/uploads\/2025\/09\/Post-de-instagram-asesoria-firma-de-abogados-profesional-azul-1024x1024.png 1024w, https:\/\/www.adehon.org\/es\/wp-content\/uploads\/2025\/09\/Post-de-instagram-asesoria-firma-de-abogados-profesional-azul-150x150.png 150w, https:\/\/www.adehon.org\/es\/wp-content\/uploads\/2025\/09\/Post-de-instagram-asesoria-firma-de-abogados-profesional-azul-768x768.png 768w, https:\/\/www.adehon.org\/es\/wp-content\/uploads\/2025\/09\/Post-de-instagram-asesoria-firma-de-abogados-profesional-azul.png 1080w\" sizes=\"auto, (max-width: 300px) 100vw, 300px\" \/><\/a><\/span><\/h2>\n<p data-sourcepos=\"3:1-3:269\">En el m\u00f3dulo de Gesti\u00f3n de Recursos Humanos (MF0238_3) tiene como objetivo realizar la gesti\u00f3n administrativa de las actividades vinculadas a la administraci\u00f3n de recursos humanos y de la informaci\u00f3n derivada en el marco de una organizaci\u00f3n, de acuerdo con los objetivos marcados, las normas internas establecidas y la legislaci\u00f3n vigente.<\/p>\n<p>Con este curso gratuito, podr\u00e1s adquirir conocimientos valiosos y aumentar tus oportunidades laborales.<\/p>\n<ul>\n<li><strong>Plazo de matriculaci\u00f3n:<\/strong> ABIERTO<\/li>\n<li><strong>Fechas:<\/strong> Pr\u00f3ximo inicio<\/li>\n<li><strong>Modalidad:<\/strong> Online, con examen presencial.<\/li>\n<li><span style=\"color: #000000;\"><strong>Precio:<\/strong> Gratuito<\/span><\/li>\n<\/ul>\n<p><span style=\"color: #000000; font-size: 18px;\"><\/div>\n<div class=\"su-tabs-pane su-u-clearfix su-u-trim\" data-title=\"&lt;strong&gt;CONTENIDO&lt;\/strong&gt;\"><\/span><\/p>\n<ul>\n<li>UF0345: Apoyo administrativo a la gesti\u00f3n de Recursos Humanos.<\/li>\n<li>UF0346: Comunicaci\u00f3n efectiva y trabajo en equipo<\/li>\n<li>UF0044: Funci\u00f3n del mando intermedio en la prevenci\u00f3n de riesgos laborales<\/li>\n<\/ul>\n<p><span style=\"color: #000000;\"><\/div>\n<div class=\"su-tabs-pane su-u-clearfix su-u-trim\" data-title=\"&lt;strong&gt;REQUISITOS DE ACCESO&lt;\/strong&gt;\"><\/span><\/p>\n<p>a) Trabajador\/a<\/p>\n<p>b) Estudios m\u00ednimos:<\/p>\n<ul>\n<li>Bachiller o equivalente<\/li>\n<li>Grado FP I<\/li>\n<li>Certificado de profesionalidad nivel 3<\/li>\n<\/ul>\n<p><span style=\"color: #000000; font-size: 18px;\"><\/div>\n<div class=\"su-tabs-pane su-u-clearfix su-u-trim\" data-title=\"&lt;strong&gt;OCUPACIONES Y PUESTOS DE TRABAJO&lt;\/strong&gt;\"><\/span><\/p>\n<p>Te indicamos las ocupaciones y puestos de trabajo relacionados con este Certificado Profesional:<\/p>\n<ul>\n<li>T\u00e9cnico\/a de recursos humanos.<\/li>\n<li>T\u00e9cnico\/a de selecci\u00f3n.<\/li>\n<li>T\u00e9cnico\/a de contrataci\u00f3n laboral.<\/li>\n<li>Responsable de personal.<\/li>\n<li>Gestor\/a de n\u00f3minas.<\/li>\n<li>Apoyo en consultoras de RRHH.<\/li>\n<\/ul>\n<p><span style=\"color: #000000;\"><\/div>\n<div class=\"su-tabs-pane su-u-clearfix su-u-trim\" data-title=\"&lt;strong&gt;INSCRIPCI\u00d3N&lt;\/strong&gt;\"><\/span><\/p>\n<p><a href=\"https:\/\/forms.office.com\/e\/9QPN84KWZi\">INCR\u00cdBETE AQU\u00cd<\/a><\/p>\n<p><span style=\"color: #000000;\"><\/div><\/div><\/div><\/span><\/p>\n<\/div>\n<\/div>\n<\/div>\n\n\n<p><\/p>\n","protected":false},"excerpt":{"rendered":"<p>CURSOS ONLINE GRATUITOS&nbsp;LABORA 2025\/2026 Informaci\u00f3n detallada del curso MF0238_3\u00a0 &#8211; GESTI\u00d3N DE RECURSOS HUMANOS 150 horas<\/p>\n","protected":false},"author":1,"featured_media":0,"parent":0,"menu_order":0,"comment_status":"closed","ping_status":"closed","template":"page-fullwidth.php","meta":{"footnotes":""},"class_list":["post-4914","page","type-page","status-publish","hentry"],"_links":{"self":[{"href":"https:\/\/www.adehon.org\/es\/wp-json\/wp\/v2\/pages\/4914","targetHints":{"allow":["GET"]}}],"collection":[{"href":"https:\/\/www.adehon.org\/es\/wp-json\/wp\/v2\/pages"}],"about":[{"href":"https:\/\/www.adehon.org\/es\/wp-json\/wp\/v2\/types\/page"}],"author":[{"embeddable":true,"href":"https:\/\/www.adehon.org\/es\/wp-json\/wp\/v2\/users\/1"}],"replies":[{"embeddable":true,"href":"https:\/\/www.adehon.org\/es\/wp-json\/wp\/v2\/comments?post=4914"}],"version-history":[{"count":3,"href":"https:\/\/www.adehon.org\/es\/wp-json\/wp\/v2\/pages\/4914\/revisions"}],"predecessor-version":[{"id":4970,"href":"https:\/\/www.adehon.org\/es\/wp-json\/wp\/v2\/pages\/4914\/revisions\/4970"}],"wp:attachment":[{"href":"https:\/\/www.adehon.org\/es\/wp-json\/wp\/v2\/media?parent=4914"}],"curies":[{"name":"wp","href":"https:\/\/api.w.org\/{rel}","templated":true}]}}